{"id":57416,"date":"2023-10-20T14:45:34","date_gmt":"2023-10-20T14:45:34","guid":{"rendered":"https:\/\/hallow.com\/?post_type=saints&#038;p=57416"},"modified":"2024-04-27T01:32:10","modified_gmt":"2024-04-27T01:32:10","slug":"juan-pablo-ii","status":"publish","type":"saints","link":"https:\/\/hallow.com\/es\/saints\/juan-pablo-ii\/","title":{"rendered":"San Juan Pablo II &#8211; Fiestas, Oraciones, Patrocinio, Citas y M\u00e1s"},"content":{"rendered":"\n<ul class=\"wp-block-list\">\n<li>Visi\u00f3n general<\/li>\n\n\n\n<li><a href=\"#early-life\">Vida temprana<\/a><\/li>\n\n\n\n<li><a href=\"#theology\">Teolog\u00eda y ense\u00f1anzas<\/a><\/li>\n\n\n\n<li><a href=\"#impact\">Impacto en el mundo<\/a><\/li>\n\n\n\n<li><a href=\"#prayers\">Oraciones<\/a><\/li>\n\n\n\n<li><a href=\"#quotes\">Citas<\/a><\/li>\n\n\n\n<li><a href=\"#patronage\">Patrocinio<\/a><\/li>\n\n\n\n<li><a href=\"#saints\">Santos relacionados<\/a><\/li>\n\n\n\n<li><a href=\"#related-prayers\">Oraciones relacionadas<\/a><\/li>\n<\/ul>\n\n\n\n<h2 class=\"wp-block-heading\" id=\"h-overview\"><strong>Visi\u00f3n general<\/strong><\/h2>\n\n\n\n<ul class=\"wp-block-list\">\n<li><strong>Nacimiento:<\/strong> 18 de mayo de 1920<\/li>\n\n\n\n<li><strong>Ubicaci\u00f3n:<\/strong> Wadowice, Polonia<\/li>\n\n\n\n<li><strong>Fallecimiento:<\/strong> 2 de abril de 2005<\/li>\n\n\n\n<li><strong>Beatificaci\u00f3n:<\/strong> 1 de mayo de 2011<\/li>\n\n\n\n<li><strong>Canonizada:<\/strong> 27 de abril de 2014<\/li>\n\n\n\n<li><strong>D\u00eda de la Fiesta:<\/strong> 22 de octubre<\/li>\n\n\n\n<li><strong>Patrona de: <\/strong>los j\u00f3venes, las familias y la Jornada Mundial de la Juventud<\/li>\n<\/ul>\n\n\n\n<div class=\"wp-block-buttons is-content-justification-center is-layout-flex wp-container-core-buttons-is-layout-1 wp-block-buttons-is-layout-flex\">\n<div class=\"wp-block-button\"><a class=\"wp-block-button__link has-white-color has-hallow-purple-background-color has-text-color has-background has-text-align-center wp-element-button\" href=\"https:\/\/hallow.app.link\/jpii\">Prueba Hallow gratis<\/a><\/div>\n<\/div>\n\n\n\n<h2 class=\"wp-block-heading\" id=\"early-life\"><strong>Vida temprana<\/strong><\/h2>\n\n\n\n<p class=\"\">El Papa San Juan Pablo II, nacido Karol Wojtyla, es uno de los <a href=\"https:\/\/hallow.com\/saints\/\">santos<\/a> m\u00e1s queridos de los tiempos modernos. Nacido en Wadowice (Polonia), Karol <a href=\"https:\/\/www.jp2shrine.org\/en\/about\/jp2bio.html\">se cri\u00f3<\/a> en el seno de una familia cari\u00f1osa, y experiment\u00f3 una tragedia personal muy pronto, cuando murieron su madre y sus dos hermanos.  <\/p>\n\n\n\n<p class=\"\">Desde muy joven, Karol am\u00f3 el teatro, la poes\u00eda y la vida al aire libre. Estudi\u00f3 filosof\u00eda en la universidad hasta la invasi\u00f3n nazi en 1939. Dos a\u00f1os despu\u00e9s, su padre muri\u00f3 de un ataque al coraz\u00f3n.<\/p>\n\n\n\n<p class=\"\">Karol ingres\u00f3 en un seminario clandestino y se orden\u00f3 solo. Fue elegido Papa a los 58 a\u00f1os y ejerci\u00f3 el cargo durante casi 27 a\u00f1os.  <\/p>\n\n\n\n<h2 class=\"wp-block-heading\" id=\"theology\"><strong>Teolog\u00eda y ense\u00f1anzas<\/strong><\/h2>\n\n\n\n<p class=\"\">Juan Pablo II era profundamente <a href=\"https:\/\/www.thedivinemercy.org\/message\/john-paul-ii\">devoto<\/a> de la <a href=\"https:\/\/hallow.com\/es\/blog\/como-rezar-la-coronilla-a-la-divina-misericordia\/\">Divina Misericordia<\/a>, y la promovi\u00f3 durante todo su pontificado. Estableci\u00f3 la festividad del Domingo de la Divina Misericordia y canoniz\u00f3 a <a href=\"https:\/\/hallow.com\/saints\/faustina\/\">Santa Faustina Kowalska<\/a>, que recibi\u00f3 el mensaje de la Divina Misericordia de Jesucristo.<\/p>\n\n\n\n<p class=\"\">Uno de sus escritos m\u00e1s influyentes es <a href=\"https:\/\/www.usccb.org\/issues-and-action\/marriage-and-family\/natural-family-planning\/catholic-teaching\/theology-of-the-body\">Teolog\u00eda del cuerpo<\/a>, su desarrollo de una teolog\u00eda integral del cuerpo humano. Ense\u00f1\u00f3 que el cuerpo es un don de Dios, y que debe utilizarse de forma coherente con esta verdad.<\/p>\n\n\n\n<p class=\"\">\u00abJPII\u00bb promovi\u00f3 una cultura de la vida, o el respeto a toda vida humana, desde la concepci\u00f3n hasta la muerte natural.  <\/p>\n\n\n\n<p class=\"\">Era un defensor de la paz y la justicia y estaba comprometido con el di\u00e1logo y las <a href=\"https:\/\/www.scarboromissions.ca\/interfaith-dialogue\/the-church-dialogue\/pope-john-paul-ii-interfaith-giant\">relaciones interreligiosas<\/a>. Se reuni\u00f3 con l\u00edderes de todas las religiones y trabaj\u00f3 para tender puentes de entendimiento y cooperaci\u00f3n.<\/p>\n\n\n\n<p class=\"\">Su legado ha inspirado a millones de personas de todo el mundo a vivir vidas de amor, compasi\u00f3n y justicia.<\/p>\n\n\n\n<div class=\"wp-block-buttons is-content-justification-center is-layout-flex wp-container-core-buttons-is-layout-2 wp-block-buttons-is-layout-flex\">\n<div class=\"wp-block-button\"><a class=\"wp-block-button__link has-white-color has-hallow-purple-background-color has-text-color has-background has-text-align-center wp-element-button\" href=\"https:\/\/hallow.app.link\/jpii\">Reza gratis con JPII<\/a><\/div>\n<\/div>\n\n\n\n<h2 class=\"wp-block-heading\" id=\"impact\">Impacto en el mundo<\/h2>\n\n\n\n<p class=\"\">Como Papa, realiz\u00f3 visitas apost\u00f3licas a 129 pa\u00edses. Instituy\u00f3 la Jornada Mundial de la Juventud, ayud\u00f3 a acabar con el comunismo en Europa del Este y canoniz\u00f3 a 482 santos. Incluso sobrevivi\u00f3 milagrosamente a un <a href=\"https:\/\/www.kofc.org\/en\/news-room\/articles\/40-years-ago-jpii-nearly-assassinated.html\">intento de asesinato<\/a> y luego perdon\u00f3 personalmente a su agresor.<\/p>\n\n\n\n<p class=\"\">En sus \u00faltimos a\u00f1os, padeci\u00f3 Parkinson y muri\u00f3 en 2005, en v\u00edsperas del Domingo de la Divina Misericordia.<\/p>\n\n\n\n<h2 class=\"wp-block-heading\" id=\"prayers\"><strong>Oraciones por San Juan Pablo II<\/strong><\/h2>\n\n\n\n<p class=\"\">San Juan Pablo II es conocido por promover una cultura de la vida, escribir una extensa teolog\u00eda y fomentar la evangelizaci\u00f3n y el di\u00e1logo interreligioso. Para pedir un aumento de fe como el suyo, puedes rezar una oraci\u00f3n como \u00e9sta:<\/p>\n\n\n\n<blockquote class=\"wp-block-quote has-text-align-center is-layout-flow wp-block-quote-is-layout-flow\">\n<p class=\"\"><em>\u00a1Oh, San Juan Pablo, desde la ventana del cielo, conc\u00e9denos tu bendici\u00f3n! Bendice a la Iglesia que amaste y serviste y guiaste, conduci\u00e9ndola valientemente por los caminos del mundo para llevar a Jes\u00fas a todos y a todos a Jes\u00fas. Bendice a los j\u00f3venes, que fueron tu gran pasi\u00f3n. Ay\u00fadales a volver a so\u00f1ar, ay\u00fadales a volver a mirar al cielo para encontrar la luz que ilumina los caminos de la vida aqu\u00ed en la tierra.<\/em><\/p>\n\n\n\n<p class=\"\"><em>\u00a1Que bendigas a todas y cada una de las familias! Advertiste del asalto de Satan\u00e1s contra esta preciosa e indispensable chispa divina que Dios encendi\u00f3 en la tierra. San Juan Pablo, que con tu oraci\u00f3n protejas a la familia y a cada vida que florece de la familia.<\/em><\/p>\n\n\n\n<p class=\"\"><em>Reza por el mundo entero, que sigue marcado por las tensiones, las guerras y la injusticia. Te opusiste a la guerra invocando el di\u00e1logo y plantando las semillas del amor: ruega por nosotros para que seamos incansables sembradores de paz.<\/em><\/p>\n\n\n\n<p class=\"\"><em>Oh San Juan Pablo, desde la ventana del cielo, donde te vemos junto a Mar\u00eda, env\u00eda la bendici\u00f3n de Dios sobre todos nosotros.<\/em><\/p>\n\n\n\n<p class=\"\">Am\u00e9n. <\/p>\n\n\n\n<p class=\"\"><a href=\"https:\/\/www.stjohnpaul.org\/prayer-jp2\/\">(Fuente<\/a>)<\/p>\n<\/blockquote>\n\n\n\n<div class=\"wp-block-buttons is-content-justification-center is-layout-flex wp-container-core-buttons-is-layout-3 wp-block-buttons-is-layout-flex\">\n<div class=\"wp-block-button\"><a class=\"wp-block-button__link has-white-color has-hallow-purple-background-color has-text-color has-background has-text-align-center wp-element-button\" href=\"https:\/\/hallow.app.link\/jpii\">Reza gratis con JPII<\/a><\/div>\n<\/div>\n\n\n\n<blockquote class=\"wp-block-quote has-text-align-center is-layout-flow wp-block-quote-is-layout-flow\">\n<p class=\"has-text-align-center\"><em>Salve, oh Madre, Reina del mundo.<\/em><\/p>\n\n\n\n<p class=\"has-text-align-center\"><em>Eres la Madre del Amor justo<\/em><em><br><\/em><em>T\u00fa eres la Madre de Jes\u00fas, fuente de toda gracia,<\/em><em><br><\/em><em>el perfume de toda virtud,<\/em><em><br><\/em><em>el espejo de toda pureza.<\/em><em><br><\/em><em>Eres alegr\u00eda en el llanto, victoria en la batalla, esperanza en la muerte.<\/em><em><br><\/em><em>Qu\u00e9 dulce sabe tu nombre en nuestra boca,<\/em><em><br><\/em><em>con qu\u00e9 armon\u00eda resuena en nuestros o\u00eddos,<\/em><em><br><\/em><em>\u00a1qu\u00e9 \u00e9xtasis trae a nuestros corazones!<\/em><em><br><\/em><em>T\u00fa eres la felicidad del sufrimiento,<\/em><em><br><\/em><em>la corona de los m\u00e1rtires,<\/em><em><br><\/em><em>la belleza de las v\u00edrgenes<\/em><em><br><\/em><em>Te rogamos que nos gu\u00edes despu\u00e9s de este exilio<\/em><em><br><\/em><em>a la posesi\u00f3n de tu Hijo, Jes\u00fas.<\/em><\/p>\n\n\n\n<p class=\"has-text-align-center\"><em>y nunca dejar\u00e1s que enfrente solo mis peligros. Am\u00e8n<\/em><\/p>\n<cite><em><a href=\"https:\/\/www.vatican.va\/content\/john-paul-ii\/en\/prayers\/documents\/hf_jp-ii_19790501_prayer-divino-amore.html\">(Fuente<\/a>)<\/em><\/cite><\/blockquote>\n\n\n\n<blockquote class=\"wp-block-quote has-text-align-center is-layout-flow wp-block-quote-is-layout-flow\">\n<p class=\"\"><\/p>\n<cite>\u00abO Blessed Trinity, we thank you<br>for having graced the Church with<br>Saint John Paul II and for allowing<br>the tenderness of your fatherly care,<br>the glory of the Cross of Christ<br>and the splendor of the Spirit of love<br>to shine through him.<br>Trusting fully in your infinite mercy<br>and in the maternal intercession of Mary,<br>he has given us a living image of<br>Jesus the Good Shepherd.<br>He has shown us that holiness<br>is the necessary measure of ordinary<br>Christian life and is the way of<br>achieving eternal communion with you.<br>Grant us, by his intercession,<br>and according to your will,<br>the graces we implore,<br>through Christ our Lord.\u00bb&nbsp;<br><br>Amen. <br><br>(<a href=\"https:\/\/www.jp2shrine.org\/en\/worship\/jp2-prayer.html\">Source<\/a>)<\/cite><\/blockquote>\n\n\n\n<p class=\"has-text-align-center\">Papa San Juan Pablo II, \u00a1ruega por nosotros!<\/p>\n\n\n\n<h2 class=\"wp-block-heading\" id=\"quotes\"><strong>Citas de San Juan Pablo II<\/strong><\/h2>\n\n\n\n<ul class=\"wp-block-list\">\n<li>\u00ab\u00a1Recordad que nunca est\u00e1is solos, Cristo est\u00e1 con vosotros en vuestro camino todos los d\u00edas de vuestras vidas! \u00c9l os ha llamado y elegido para vivir en la libertad de los hijos de Dios. Dirig\u00edos a \u00c9l en la oraci\u00f3n y en el amor. P\u00eddele que te conceda el valor y la fuerza para vivir siempre en esta libertad. Camina con Aquel que es \u00abel Camino, la Verdad y la Vida\u00bb.<\/li>\n\n\n\n<li>\u00abLa libertad no consiste en hacer lo que nos gusta, sino en tener derecho a hacer lo que debemos\u00bb.<\/li>\n\n\n\n<li>\u00abEl futuro empieza hoy, no ma\u00f1ana\u00bb.<\/li>\n\n\n\n<li>\u00abEs deber de todo hombre defender la dignidad de toda mujer\u00bb.<\/li>\n<\/ul>\n\n\n\n<h2 class=\"wp-block-heading\" id=\"patronage\"><strong>Patrocinio<\/strong><\/h2>\n\n\n\n<ul class=\"wp-block-list\">\n<li><a href=\"https:\/\/www.jp2shrine.org\/jps\/en\/index.html\">Santuario Nacional de San Juan Pablo II &#8211; Washington, D.C.<\/a><\/li>\n\n\n\n<li><a href=\"https:\/\/www.stjohnpaul.org\/\">Sociedad San Juan Pablo II &#8211; Nueva York, N.Y.<\/a><\/li>\n\n\n\n<li><a href=\"https:\/\/johnpaul2chs.org\/our-patron\">Escuela Secundaria Cat\u00f3lica San Juan Pablo II &#8211; Schertz, Texas<\/a><\/li>\n\n\n\n<li><a href=\"https:\/\/johnpaul2chs.org\/our-patron\">Escuela Secundaria San Juan Pablo II &#8211; Windsor, Colo.<\/a><\/li>\n\n\n\n<li><a href=\"https:\/\/www.jpthegreat.org\/\">Instituto Cat\u00f3lico San Juan Pablo el Grande &#8211; Potomac Shores, Va.<\/a><\/li>\n\n\n\n<li><a href=\"https:\/\/jpiihealingcenter.org\/\">Centro de Curaci\u00f3n Juan Pablo II &#8211; Tallahassee, Fla.<\/a><\/li>\n<\/ul>\n\n\n\n<h2 class=\"wp-block-heading\" id=\"saints\"><strong>Santos relacionados<\/strong><\/h2>\n\n\n\n<ul class=\"wp-block-list\">\n<li><a href=\"https:\/\/hallow.com\/saints\/faustina\/\">Santa Faustina Kowalska<\/a><\/li>\n\n\n\n<li><a href=\"https:\/\/hallow.com\/es\/saints\/gianna-beretta-molla\/\">Santa Gianna Molla<\/a><\/li>\n\n\n\n<li><a href=\"https:\/\/hallow.com\/es\/saints\/oscar-romero\/\">San \u00d3scar Romero<\/a><\/li>\n<\/ul>\n\n\n\n<h2 class=\"wp-block-heading\" id=\"related-prayers\"><strong>Oraciones relacionadas<\/strong><\/h2>\n\n\n\n<ul class=\"wp-block-list\">\n<li><a href=\"https:\/\/hallow.com\/es\/blog\/como-rezar-la-coronilla-a-la-divina-misericordia\/\">C\u00f3mo rezar la Coronilla de la Divina Misericordia<\/a><\/li>\n\n\n\n<li><a href=\"https:\/\/hallow.com\/blog\/prayers-for-hope\/\">Oraciones por la esperanza<\/a><\/li>\n\n\n\n<li><a href=\"https:\/\/hallow.com\/es\/blog\/jornada-mundial-de-la-juventud-lisboa-tema-fechas-agenda\/#world-youth-day-pilgrim-prayer\">Oraci\u00f3n del peregrino de la Jornada Mundial de la Juventud<\/a><\/li>\n<\/ul>\n","protected":false},"author":54,"featured_media":43110,"menu_order":0,"template":"","format":"standard","categories":[],"tags":[385],"class_list":["post-57416","saints","type-saints","status-publish","format-standard","has-post-thumbnail","hentry","tag-papa"],"acf":[],"yoast_head":"<!-- This site is optimized with the Yoast SEO Premium plugin v24.3 (Yoast SEO v25.6) - https:\/\/yoast.com\/wordpress\/plugins\/seo\/ -->\n<title>San Juan Pablo II - Fiestas, Oraciones, Patrocinio, Citas y M\u00e1s &#8211; Hallow<\/title>\n<meta name=\"description\" content=\"El Papa San Juan Pablo II, nacido Karol Wojtyla, es uno de los santos m\u00e1s queridos de los tiempos modernos. Lee para saber m\u00e1s sobre \u00e9l.\" \/>\n<meta name=\"robots\" content=\"index, follow, max-snippet:-1, max-image-preview:large, max-video-preview:-1\" \/>\n<link rel=\"canonical\" href=\"https:\/\/hallow.com\/es\/saints\/juan-pablo-ii\/\" \/>\n<meta property=\"og:locale\" content=\"es_ES\" \/>\n<meta property=\"og:type\" content=\"article\" \/>\n<meta property=\"og:title\" content=\"San Juan Pablo II - Fiestas, Oraciones, Patrocinio, Citas y M\u00e1s\" \/>\n<meta property=\"og:description\" content=\"El Papa San Juan Pablo II, nacido Karol Wojtyla, es uno de los santos m\u00e1s queridos de los tiempos modernos. Lee para saber m\u00e1s sobre \u00e9l.\" \/>\n<meta property=\"og:url\" content=\"https:\/\/hallow.com\/es\/saints\/juan-pablo-ii\/\" \/>\n<meta property=\"og:site_name\" content=\"Hallow\" \/>\n<meta property=\"article:publisher\" content=\"https:\/\/facebook.com\/hallowapp\" \/>\n<meta property=\"article:modified_time\" content=\"2024-04-27T01:32:10+00:00\" \/>\n<meta property=\"og:image\" content=\"https:\/\/hallow.com\/wp-content\/uploads\/2023\/10\/SJPII-1x1-1.jpg\" \/>\n\t<meta property=\"og:image:width\" content=\"1080\" \/>\n\t<meta property=\"og:image:height\" content=\"1080\" \/>\n\t<meta property=\"og:image:type\" content=\"image\/jpeg\" \/>\n<meta name=\"twitter:card\" content=\"summary_large_image\" \/>\n<meta name=\"twitter:site\" content=\"@hallowapp\" \/>\n<script type=\"application\/ld+json\" class=\"yoast-schema-graph\">{\"@context\":\"https:\/\/schema.org\",\"@graph\":[{\"@type\":\"Article\",\"@id\":\"https:\/\/hallow.com\/es\/saints\/juan-pablo-ii\/#article\",\"isPartOf\":{\"@id\":\"https:\/\/hallow.com\/es\/saints\/juan-pablo-ii\/\"},\"author\":{\"name\":\"Brianna Madrigal\",\"@id\":\"https:\/\/hallow.com\/es\/#\/schema\/person\/b345c129008b305a9260bcc7b754aab6\"},\"headline\":\"San Juan Pablo II &#8211; Fiestas, Oraciones, Patrocinio, Citas y M\u00e1s\",\"datePublished\":\"2023-10-20T14:45:34+00:00\",\"dateModified\":\"2024-04-27T01:32:10+00:00\",\"mainEntityOfPage\":{\"@id\":\"https:\/\/hallow.com\/es\/saints\/juan-pablo-ii\/\"},\"wordCount\":1155,\"publisher\":{\"@id\":\"https:\/\/hallow.com\/es\/#organization\"},\"image\":{\"@id\":\"https:\/\/hallow.com\/es\/saints\/juan-pablo-ii\/#primaryimage\"},\"thumbnailUrl\":\"https:\/\/hallow.com\/wp-content\/uploads\/2023\/10\/SJPII-1x1-1.jpg\",\"keywords\":[\"papa\"],\"inLanguage\":\"es\"},{\"@type\":\"WebPage\",\"@id\":\"https:\/\/hallow.com\/es\/saints\/juan-pablo-ii\/\",\"url\":\"https:\/\/hallow.com\/es\/saints\/juan-pablo-ii\/\",\"name\":\"San Juan Pablo II - Fiestas, Oraciones, Patrocinio, Citas y M\u00e1s &#8211; Hallow\",\"isPartOf\":{\"@id\":\"https:\/\/hallow.com\/es\/#website\"},\"primaryImageOfPage\":{\"@id\":\"https:\/\/hallow.com\/es\/saints\/juan-pablo-ii\/#primaryimage\"},\"image\":{\"@id\":\"https:\/\/hallow.com\/es\/saints\/juan-pablo-ii\/#primaryimage\"},\"thumbnailUrl\":\"https:\/\/hallow.com\/wp-content\/uploads\/2023\/10\/SJPII-1x1-1.jpg\",\"datePublished\":\"2023-10-20T14:45:34+00:00\",\"dateModified\":\"2024-04-27T01:32:10+00:00\",\"description\":\"El Papa San Juan Pablo II, nacido Karol Wojtyla, es uno de los santos m\u00e1s queridos de los tiempos modernos. Lee para saber m\u00e1s sobre \u00e9l.\",\"breadcrumb\":{\"@id\":\"https:\/\/hallow.com\/es\/saints\/juan-pablo-ii\/#breadcrumb\"},\"inLanguage\":\"es\",\"potentialAction\":[{\"@type\":\"ReadAction\",\"target\":[\"https:\/\/hallow.com\/es\/saints\/juan-pablo-ii\/\"]}]},{\"@type\":\"ImageObject\",\"inLanguage\":\"es\",\"@id\":\"https:\/\/hallow.com\/es\/saints\/juan-pablo-ii\/#primaryimage\",\"url\":\"https:\/\/hallow.com\/wp-content\/uploads\/2023\/10\/SJPII-1x1-1.jpg\",\"contentUrl\":\"https:\/\/hallow.com\/wp-content\/uploads\/2023\/10\/SJPII-1x1-1.jpg\",\"width\":1080,\"height\":1080,\"caption\":\"JPII\"},{\"@type\":\"BreadcrumbList\",\"@id\":\"https:\/\/hallow.com\/es\/saints\/juan-pablo-ii\/#breadcrumb\",\"itemListElement\":[{\"@type\":\"ListItem\",\"position\":1,\"name\":\"Home\",\"item\":\"https:\/\/hallow.com\/es\/\"},{\"@type\":\"ListItem\",\"position\":2,\"name\":\"San Juan Pablo II &#8211; Fiestas, Oraciones, Patrocinio, Citas y M\u00e1s\"}]},{\"@type\":\"WebSite\",\"@id\":\"https:\/\/hallow.com\/es\/#website\",\"url\":\"https:\/\/hallow.com\/es\/\",\"name\":\"Hallow\",\"description\":\"Catholic Prayer and Meditation App\",\"publisher\":{\"@id\":\"https:\/\/hallow.com\/es\/#organization\"},\"potentialAction\":[{\"@type\":\"SearchAction\",\"target\":{\"@type\":\"EntryPoint\",\"urlTemplate\":\"https:\/\/hallow.com\/es\/?s={search_term_string}\"},\"query-input\":{\"@type\":\"PropertyValueSpecification\",\"valueRequired\":true,\"valueName\":\"search_term_string\"}}],\"inLanguage\":\"es\"},{\"@type\":\"Organization\",\"@id\":\"https:\/\/hallow.com\/es\/#organization\",\"name\":\"Hallow\",\"url\":\"https:\/\/hallow.com\/es\/\",\"logo\":{\"@type\":\"ImageObject\",\"inLanguage\":\"es\",\"@id\":\"https:\/\/hallow.com\/es\/#\/schema\/logo\/image\/\",\"url\":\"https:\/\/hallow.com\/wp-content\/uploads\/2019\/04\/Purple-Logo.png\",\"contentUrl\":\"https:\/\/hallow.com\/wp-content\/uploads\/2019\/04\/Purple-Logo.png\",\"width\":1470,\"height\":292,\"caption\":\"Hallow\"},\"image\":{\"@id\":\"https:\/\/hallow.com\/es\/#\/schema\/logo\/image\/\"},\"sameAs\":[\"https:\/\/facebook.com\/hallowapp\",\"https:\/\/x.com\/hallowapp\",\"https:\/\/instagram.com\/hallowapp\"]},{\"@type\":\"Person\",\"@id\":\"https:\/\/hallow.com\/es\/#\/schema\/person\/b345c129008b305a9260bcc7b754aab6\",\"name\":\"Brianna Madrigal\"}]}<\/script>\n<!-- \/ Yoast SEO Premium plugin. -->","yoast_head_json":{"title":"San Juan Pablo II - Fiestas, Oraciones, Patrocinio, Citas y M\u00e1s &#8211; Hallow","description":"El Papa San Juan Pablo II, nacido Karol Wojtyla, es uno de los santos m\u00e1s queridos de los tiempos modernos. Lee para saber m\u00e1s sobre \u00e9l.","robots":{"index":"index","follow":"follow","max-snippet":"max-snippet:-1","max-image-preview":"max-image-preview:large","max-video-preview":"max-video-preview:-1"},"canonical":"https:\/\/hallow.com\/es\/saints\/juan-pablo-ii\/","og_locale":"es_ES","og_type":"article","og_title":"San Juan Pablo II - Fiestas, Oraciones, Patrocinio, Citas y M\u00e1s","og_description":"El Papa San Juan Pablo II, nacido Karol Wojtyla, es uno de los santos m\u00e1s queridos de los tiempos modernos. Lee para saber m\u00e1s sobre \u00e9l.","og_url":"https:\/\/hallow.com\/es\/saints\/juan-pablo-ii\/","og_site_name":"Hallow","article_publisher":"https:\/\/facebook.com\/hallowapp","article_modified_time":"2024-04-27T01:32:10+00:00","og_image":[{"width":1080,"height":1080,"url":"https:\/\/hallow.com\/wp-content\/uploads\/2023\/10\/SJPII-1x1-1.jpg","type":"image\/jpeg"}],"twitter_card":"summary_large_image","twitter_site":"@hallowapp","schema":{"@context":"https:\/\/schema.org","@graph":[{"@type":"Article","@id":"https:\/\/hallow.com\/es\/saints\/juan-pablo-ii\/#article","isPartOf":{"@id":"https:\/\/hallow.com\/es\/saints\/juan-pablo-ii\/"},"author":{"name":"Brianna Madrigal","@id":"https:\/\/hallow.com\/es\/#\/schema\/person\/b345c129008b305a9260bcc7b754aab6"},"headline":"San Juan Pablo II &#8211; Fiestas, Oraciones, Patrocinio, Citas y M\u00e1s","datePublished":"2023-10-20T14:45:34+00:00","dateModified":"2024-04-27T01:32:10+00:00","mainEntityOfPage":{"@id":"https:\/\/hallow.com\/es\/saints\/juan-pablo-ii\/"},"wordCount":1155,"publisher":{"@id":"https:\/\/hallow.com\/es\/#organization"},"image":{"@id":"https:\/\/hallow.com\/es\/saints\/juan-pablo-ii\/#primaryimage"},"thumbnailUrl":"https:\/\/hallow.com\/wp-content\/uploads\/2023\/10\/SJPII-1x1-1.jpg","keywords":["papa"],"inLanguage":"es"},{"@type":"WebPage","@id":"https:\/\/hallow.com\/es\/saints\/juan-pablo-ii\/","url":"https:\/\/hallow.com\/es\/saints\/juan-pablo-ii\/","name":"San Juan Pablo II - Fiestas, Oraciones, Patrocinio, Citas y M\u00e1s &#8211; Hallow","isPartOf":{"@id":"https:\/\/hallow.com\/es\/#website"},"primaryImageOfPage":{"@id":"https:\/\/hallow.com\/es\/saints\/juan-pablo-ii\/#primaryimage"},"image":{"@id":"https:\/\/hallow.com\/es\/saints\/juan-pablo-ii\/#primaryimage"},"thumbnailUrl":"https:\/\/hallow.com\/wp-content\/uploads\/2023\/10\/SJPII-1x1-1.jpg","datePublished":"2023-10-20T14:45:34+00:00","dateModified":"2024-04-27T01:32:10+00:00","description":"El Papa San Juan Pablo II, nacido Karol Wojtyla, es uno de los santos m\u00e1s queridos de los tiempos modernos. Lee para saber m\u00e1s sobre \u00e9l.","breadcrumb":{"@id":"https:\/\/hallow.com\/es\/saints\/juan-pablo-ii\/#breadcrumb"},"inLanguage":"es","potentialAction":[{"@type":"ReadAction","target":["https:\/\/hallow.com\/es\/saints\/juan-pablo-ii\/"]}]},{"@type":"ImageObject","inLanguage":"es","@id":"https:\/\/hallow.com\/es\/saints\/juan-pablo-ii\/#primaryimage","url":"https:\/\/hallow.com\/wp-content\/uploads\/2023\/10\/SJPII-1x1-1.jpg","contentUrl":"https:\/\/hallow.com\/wp-content\/uploads\/2023\/10\/SJPII-1x1-1.jpg","width":1080,"height":1080,"caption":"JPII"},{"@type":"BreadcrumbList","@id":"https:\/\/hallow.com\/es\/saints\/juan-pablo-ii\/#breadcrumb","itemListElement":[{"@type":"ListItem","position":1,"name":"Home","item":"https:\/\/hallow.com\/es\/"},{"@type":"ListItem","position":2,"name":"San Juan Pablo II &#8211; Fiestas, Oraciones, Patrocinio, Citas y M\u00e1s"}]},{"@type":"WebSite","@id":"https:\/\/hallow.com\/es\/#website","url":"https:\/\/hallow.com\/es\/","name":"Hallow","description":"Catholic Prayer and Meditation App","publisher":{"@id":"https:\/\/hallow.com\/es\/#organization"},"potentialAction":[{"@type":"SearchAction","target":{"@type":"EntryPoint","urlTemplate":"https:\/\/hallow.com\/es\/?s={search_term_string}"},"query-input":{"@type":"PropertyValueSpecification","valueRequired":true,"valueName":"search_term_string"}}],"inLanguage":"es"},{"@type":"Organization","@id":"https:\/\/hallow.com\/es\/#organization","name":"Hallow","url":"https:\/\/hallow.com\/es\/","logo":{"@type":"ImageObject","inLanguage":"es","@id":"https:\/\/hallow.com\/es\/#\/schema\/logo\/image\/","url":"https:\/\/hallow.com\/wp-content\/uploads\/2019\/04\/Purple-Logo.png","contentUrl":"https:\/\/hallow.com\/wp-content\/uploads\/2019\/04\/Purple-Logo.png","width":1470,"height":292,"caption":"Hallow"},"image":{"@id":"https:\/\/hallow.com\/es\/#\/schema\/logo\/image\/"},"sameAs":["https:\/\/facebook.com\/hallowapp","https:\/\/x.com\/hallowapp","https:\/\/instagram.com\/hallowapp"]},{"@type":"Person","@id":"https:\/\/hallow.com\/es\/#\/schema\/person\/b345c129008b305a9260bcc7b754aab6","name":"Brianna Madrigal"}]}},"_links":{"self":[{"href":"https:\/\/hallow.com\/es\/wp-json\/wp\/v2\/saints\/57416"}],"collection":[{"href":"https:\/\/hallow.com\/es\/wp-json\/wp\/v2\/saints"}],"about":[{"href":"https:\/\/hallow.com\/es\/wp-json\/wp\/v2\/types\/saints"}],"author":[{"embeddable":true,"href":"https:\/\/hallow.com\/es\/wp-json\/wp\/v2\/users\/54"}],"wp:featuredmedia":[{"embeddable":true,"href":"https:\/\/hallow.com\/es\/wp-json\/wp\/v2\/media\/43110"}],"wp:attachment":[{"href":"https:\/\/hallow.com\/es\/wp-json\/wp\/v2\/media?parent=57416"}],"wp:term":[{"taxonomy":"category","embeddable":true,"href":"https:\/\/hallow.com\/es\/wp-json\/wp\/v2\/categories?post=57416"},{"taxonomy":"post_tag","embeddable":true,"href":"https:\/\/hallow.com\/es\/wp-json\/wp\/v2\/tags?post=57416"}],"curies":[{"name":"wp","href":"https:\/\/api.w.org\/{rel}","templated":true}]}}