{"id":69761,"date":"2024-10-29T01:00:55","date_gmt":"2024-10-29T01:00:55","guid":{"rendered":"https:\/\/hallow.com\/?post_type=saints&#038;p=69761"},"modified":"2024-10-29T15:10:13","modified_gmt":"2024-10-29T15:10:13","slug":"bl-chiara-luce-badano","status":"publish","type":"saints","link":"https:\/\/hallow.com\/pl\/saints\/bl-chiara-luce-badano\/","title":{"rendered":"B\u0142. Chiara Luce Badano: \u015awi\u0119to, modlitwy, cytaty i wiele wi\u0119cej"},"content":{"rendered":"\n<h2 class=\"wp-block-heading\" id=\"h-przeglad\"><strong>Przegl\u0105d<\/strong><\/h2>\n\n\n\n<ul class=\"wp-block-list\">\n<li><strong>Urodzona: <\/strong>29 pa\u017adziernika 1971 r.<\/li>\n\n\n\n<li><strong>Miejsce:<\/strong> Sassello, W\u0142ochy<\/li>\n\n\n\n<li><strong>\u015amier\u0107:<\/strong> 7 pa\u017adziernika 1990 r.<\/li>\n\n\n\n<li><strong>Beatyfikacja:<\/strong> 25 wrze\u015bnia 2010 r.<\/li>\n\n\n\n<li><strong>Kanonizowana:<\/strong> NIE DOTYCZY<\/li>\n\n\n\n<li><strong>\u015awi\u0119to:<\/strong> 29 pa\u017adziernika<\/li>\n\n\n\n<li><strong>Patron:<\/strong> M\u0142odzie\u017cy, \u015awiatowych Dni M\u0142odzie\u017cy<\/li>\n<\/ul>\n\n\n\n<p class=\"\">Chiara Badano urodzi\u0142a si\u0119 w 1971 roku w ma\u0142ym miasteczku w p\u00f3\u0142nocnych W\u0142oszech. Jej rodzice przez 11 lat bezskutecznie starali si\u0119 o dziecko. Jej <a href=\"https:\/\/www.thedivinemercy.org\/articles\/generation-x-gets-blessed\">ojciec modli\u0142<\/a> si\u0119 w sanktuarium Matki Bo\u017cej z Rocche i wkr\u00f3tce potem urodzi\u0142a si\u0119 Chiara.  <\/p>\n\n\n\n<p class=\"\">Jako dziecko by\u0142a <a href=\"http:\/\/secretariat.synod.va\/content\/synod2018\/en\/youth-testimonies\/blessed-chiara-badano.html\">inteligentna i mia\u0142a siln\u0105 wol\u0119<\/a>. W wieku 9 lat odkry\u0142a <a href=\"https:\/\/www.focolare.org\/en\/\">ruch Focolare<\/a>, kt\u00f3ry rozpocz\u0105\u0142 si\u0119 we W\u0142oszech podczas II wojny \u015bwiatowej i promowa\u0142 przes\u0142anie jedno\u015bci na ca\u0142ym \u015bwiecie. <\/p>\n\n\n\n<p class=\"\">Chiara przy\u0142\u0105czy\u0142a si\u0119 i przedstawi\u0142a innym Jezusa poprzez swoje czyny, a nie s\u0142owa.<\/p>\n\n\n\n<p class=\"\">&#8222;Nie musz\u0119 m\u00f3wi\u0107 o Jezusie, musz\u0119 Go dawa\u0107&#8230; przede wszystkim poprzez postaw\u0119 s\u0142uchania, ale przede wszystkim poprzez m\u00f3j spos\u00f3b kochania&#8221; &#8211; <a href=\"https:\/\/www.focolare.org\/en\/29-october-liturgical-feast-of-blessed-chiara-badano\/\">powiedzia\u0142a<\/a>.<\/p>\n\n\n\n<p class=\"\">Chiara Lubich, za\u0142o\u017cycielka organizacji, nada\u0142a jej imi\u0119 Chiara<em> Luce <\/em>(luce oznacza po w\u0142osku &#8222;\u015bwiat\u0142o&#8221;), m\u00f3wi\u0105c: &#8222;To \u015bwiat\u0142o idea\u0142u zwyci\u0119\u017ca \u015bwiat&#8221;.<\/p>\n\n\n\n<h2 class=\"wp-block-heading\" id=\"h-historia-bl-chiary-luce-badano\">Historia b\u0142. Chiary Luce Badano<\/h2>\n\n\n\n<p class=\"\">W wieku 17 lat u Chiary zdiagnozowano agresywn\u0105 form\u0119 raka ko\u015bci, po tym jak odczuwa\u0142a b\u00f3l podczas gry w tenisa.<\/p>\n\n\n\n<p class=\"\">Jej oddanie Chrystusowi i niesamowita wiara, kt\u00f3r\u0105 okazywa\u0142a w obliczu takich trudno\u015bci, zainspirowa\u0142y wielu.<\/p>\n\n\n\n<p class=\"\">Chiara odmawia przyjmowania morfiny, \u015brodka przeciwb\u00f3lowego, <a href=\"https:\/\/sistersoflife.org\/2021\/05\/12\/blessed-chiara-luce\/\">m\u00f3wi\u0105c<\/a>: &#8222;Zmniejsza ona moj\u0105 jasno\u015b\u0107 umys\u0142u i jest tylko jedna rzecz, kt\u00f3r\u0105 mog\u0119 teraz zrobi\u0107: ofiarowa\u0107 moje cierpienie Jezusowi, poniewa\u017c chc\u0119 jak najbardziej uczestniczy\u0107 w Jego cierpieniu na krzy\u017cu&#8221;.<\/p>\n\n\n\n<p class=\"\">Zmar\u0142a przed swoimi 19 urodzinami, m\u00f3wi\u0105c matce przed \u015bmierci\u0105: &#8222;Prosz\u0119 b\u0105d\u017a szcz\u0119\u015bliwa, bo ja jestem&#8221;.<\/p>\n\n\n\n<p class=\"\">B\u0142. Chiara chcia\u0142a, aby jej pogrzeb by\u0142 wype\u0142niony radosnym \u015bpiewem, a jej cia\u0142o by\u0142o ubrane w sukni\u0119 \u015blubn\u0105, co oznacza\u0142oby, \u017ce zmierza do zjednoczenia z Jezusem. <\/p>\n\n\n\n<p class=\"\">Jest inspiracj\u0105 dla m\u0142odych ludzi i jest uwa\u017cana za pierwszego osob\u0119 z Pokolenia X, kt\u00f3ra zosta\u0142a beatyfikowana. Jest ona wzorem nieustaj\u0105cej rado\u015bci i wiary. <\/p>\n\n\n\n<h2 class=\"wp-block-heading\" id=\"h-modlitwy-i-cytaty-bl-chiary-badano\">Modlitwy i cytaty b\u0142. Chiary Badano  <\/h2>\n\n\n\n<p class=\"\">Ta modlitwa, w podzi\u0119ce za b\u0142. Chiar\u0119 Luce, pochodzi od w\u0142oskiego biskupa Livio Maritano, kt\u00f3ry by\u0142 or\u0119downikiem beatyfikacji b\u0142. Chiary Luce:  <\/p>\n\n\n\n<blockquote class=\"wp-block-quote is-layout-flow wp-block-quote-is-layout-flow\">\n<p class=\"\">Ojcze, \u017ar\u00f3d\u0142o wszelkiego dobra,<\/p>\n\n\n\n<p class=\"\">Dzi\u0119kujemy za godne podziwu<\/p>\n\n\n\n<p class=\"\">\u015bwiadectwo b\u0142ogos\u0142awionej Chiary Badano.<\/p>\n\n\n\n<p class=\"\">O\u017cywiona \u0142ask\u0105 Ducha \u015awi\u0119tego<\/p>\n\n\n\n<p class=\"\">i kierowana \u015bwiec\u0105cym przyk\u0142adem Jezusa,<\/p>\n\n\n\n<p class=\"\">mocno wierzy\u0142a w twoj\u0105 ogromn\u0105 mi\u0142o\u015b\u0107,<\/p>\n\n\n\n<p class=\"\">zdecydowa\u0142a odwzajemni\u0107 j\u0105 ze wszystkich si\u0142,<\/p>\n\n\n\n<p class=\"\">porzuci\u0107 siebie z pe\u0142nym zaufaniem<\/p>\n\n\n\n<p class=\"\">do Twojej Bo\u017ce ojcowskiej woli.<\/p>\n\n\n\n<p class=\"\">Pokornie modlimy si\u0119 do Ciebie: udziel nam r\u00f3wnie\u017c<\/p>\n\n\n\n<p class=\"\">daru \u017cycia z Tob\u0105 i dla Ciebie,<\/p>\n\n\n\n<p class=\"\">a my o\u015bmielamy si\u0119 prosi\u0107 Ci\u0119 o to, je\u015bli jest to zgodne z Twoj\u0105 wol\u0105,<\/p>\n\n\n\n<p class=\"\">przez \u0142ask\u0119, zas\u0142u\u017con\u0105 przez Chrystusa, naszego Pana. Amen.<\/p>\n<\/blockquote>\n\n\n\n<p class=\"\">Oto kilka poruszaj\u0105cych cytat\u00f3w przypisywanych b\u0142. Chiarze: <\/p>\n\n\n\n<ul class=\"wp-block-list\">\n<li>&#8222;W tym momencie nie mam ju\u017c nic. Ale wci\u0105\u017c mam serce, a z nim zawsze mog\u0119 kocha\u0107&#8221;.<\/li>\n\n\n\n<li>&#8222;Na nowo odkry\u0142am Ewangeli\u0119&#8230; Nie by\u0142am autentycznym chrze\u015bcijank\u0105, poniewa\u017c nie \u017cy\u0142am ni\u0105 w pe\u0142ni. Nie chc\u0119 i nie mog\u0119 pozosta\u0107 analfabet\u0105 tak niezwyk\u0142ego przes\u0142ania. Teraz chc\u0119 uczyni\u0107 t\u0119 wspania\u0142\u0105 ksi\u0105\u017ck\u0119 jedynym celem mojego \u017cycia&#8221;.  <\/li>\n<\/ul>\n\n\n\n<h2 class=\"wp-block-heading\" id=\"h-bl-chiara-luce-badano-patronka\">B\u0142. Chiara Luce Badano &#8211; patronka<\/h2>\n\n\n\n<ul class=\"wp-block-list\">\n<li><a href=\"https:\/\/www.chiarabadano.org\/en\/foundation\/\">Fundacja Chiary Badano<\/a><\/li>\n\n\n\n<li><a href=\"https:\/\/blessedsacramentwichita.com\/pillars\/formation\/76944-the-society-of-blessed-chiara-luce-badano\">Stowarzyszenie B\u0142ogos\u0142awionej Chiary Luce Badano\/m\u0142ode zakrystianki<\/a><\/li>\n<\/ul>\n\n\n\n<h2 class=\"wp-block-heading\" id=\"h-powiazani-swieci\">Powi\u0105zani \u015bwi\u0119ci<\/h2>\n\n\n\n<ul class=\"wp-block-list\">\n<li><a href=\"https:\/\/hallow.com\/saints\/carlos-acutis\/\">B\u0142. Carlos Acutis <\/a><\/li>\n\n\n\n<li><a href=\"https:\/\/hallow.com\/saints\/john-bosco\/\">\u015aw. Jan Bosko<\/a><\/li>\n\n\n\n<li><a href=\"https:\/\/hallow.com\/saints\/juan-diego\/\">\u015aw. Juan Diego<\/a><\/li>\n<\/ul>\n\n\n\n<p class=\"\">Powi\u0105zane wersety biblijne<\/p>\n\n\n\n<ul class=\"wp-block-list\">\n<li><a href=\"https:\/\/hallow.com\/scripture\/bible-verses-for-gen-z\/\">Wersety biblijne dla pokolenia Z<\/a><\/li>\n\n\n\n<li><a href=\"https:\/\/hallow.com\/scripture\/bible-verses-for-parenting\/\">Wersety biblijne dotycz\u0105ce rodzicielstwa<\/a><\/li>\n\n\n\n<li><a href=\"https:\/\/hallow.com\/scripture\/bible-verses-for-teens\/\">Wersety biblijne dla nastolatk\u00f3w<\/a><\/li>\n<\/ul>\n","protected":false},"author":32,"featured_media":69674,"menu_order":0,"template":"","format":"standard","categories":[],"tags":[],"class_list":["post-69761","saints","type-saints","status-publish","format-standard","has-post-thumbnail","hentry"],"acf":[],"yoast_head":"<!-- This site is optimized with the Yoast SEO Premium plugin v24.3 (Yoast SEO v25.6) - https:\/\/yoast.com\/wordpress\/plugins\/seo\/ -->\n<title>B\u0142. Chiara Luce Badano: \u015awi\u0119to, modlitwy, cytaty i wiele wi\u0119cej &#8211; Hallow<\/title>\n<meta name=\"robots\" content=\"index, follow, max-snippet:-1, max-image-preview:large, max-video-preview:-1\" \/>\n<link rel=\"canonical\" href=\"https:\/\/hallow.com\/pl\/saints\/bl-chiara-luce-badano\/\" \/>\n<meta property=\"og:locale\" content=\"pl_PL\" \/>\n<meta property=\"og:type\" content=\"article\" \/>\n<meta property=\"og:title\" content=\"B\u0142. Chiara Luce Badano: \u015awi\u0119to, modlitwy, cytaty i wiele wi\u0119cej\" \/>\n<meta property=\"og:description\" content=\"Przegl\u0105d Chiara Badano urodzi\u0142a si\u0119 w 1971 roku w ma\u0142ym miasteczku w p\u00f3\u0142nocnych W\u0142oszech. Jej rodzice przez 11 lat bezskutecznie starali si\u0119 o dziecko. Jej ojciec modli\u0142 si\u0119 w sanktuarium Matki Bo\u017cej z Rocche i wkr\u00f3tce potem urodzi\u0142a si\u0119 Chiara. Jako dziecko by\u0142a inteligentna i mia\u0142a siln\u0105 wol\u0119. W wieku 9 lat odkry\u0142a ruch Focolare, &hellip; Continued\" \/>\n<meta property=\"og:url\" content=\"https:\/\/hallow.com\/pl\/saints\/bl-chiara-luce-badano\/\" \/>\n<meta property=\"og:site_name\" content=\"Hallow\" \/>\n<meta property=\"article:publisher\" content=\"https:\/\/facebook.com\/hallowapp\" \/>\n<meta property=\"article:modified_time\" content=\"2024-10-29T15:10:13+00:00\" \/>\n<meta property=\"og:image\" content=\"https:\/\/hallow.com\/wp-content\/uploads\/2024\/10\/blessed-chiara-luce-badano.jpg\" \/>\n\t<meta property=\"og:image:width\" content=\"750\" \/>\n\t<meta property=\"og:image:height\" content=\"500\" \/>\n\t<meta property=\"og:image:type\" content=\"image\/jpeg\" \/>\n<meta name=\"twitter:card\" content=\"summary_large_image\" \/>\n<meta name=\"twitter:site\" content=\"@hallowapp\" \/>\n<script type=\"application\/ld+json\" class=\"yoast-schema-graph\">{\"@context\":\"https:\/\/schema.org\",\"@graph\":[{\"@type\":\"Article\",\"@id\":\"https:\/\/hallow.com\/pl\/saints\/bl-chiara-luce-badano\/#article\",\"isPartOf\":{\"@id\":\"https:\/\/hallow.com\/pl\/saints\/bl-chiara-luce-badano\/\"},\"author\":{\"name\":\"Stephen Spiewak\",\"@id\":\"https:\/\/hallow.com\/pl\/#\/schema\/person\/bff513b387a9f89e4d7463f0cd46c242\"},\"headline\":\"B\u0142. Chiara Luce Badano: \u015awi\u0119to, modlitwy, cytaty i wiele wi\u0119cej\",\"datePublished\":\"2024-10-29T01:00:55+00:00\",\"dateModified\":\"2024-10-29T15:10:13+00:00\",\"mainEntityOfPage\":{\"@id\":\"https:\/\/hallow.com\/pl\/saints\/bl-chiara-luce-badano\/\"},\"wordCount\":618,\"publisher\":{\"@id\":\"https:\/\/hallow.com\/pl\/#organization\"},\"image\":{\"@id\":\"https:\/\/hallow.com\/pl\/saints\/bl-chiara-luce-badano\/#primaryimage\"},\"thumbnailUrl\":\"https:\/\/hallow.com\/wp-content\/uploads\/2024\/10\/blessed-chiara-luce-badano.jpg\",\"inLanguage\":\"pl-PL\"},{\"@type\":\"WebPage\",\"@id\":\"https:\/\/hallow.com\/pl\/saints\/bl-chiara-luce-badano\/\",\"url\":\"https:\/\/hallow.com\/pl\/saints\/bl-chiara-luce-badano\/\",\"name\":\"B\u0142. Chiara Luce Badano: \u015awi\u0119to, modlitwy, cytaty i wiele wi\u0119cej &#8211; Hallow\",\"isPartOf\":{\"@id\":\"https:\/\/hallow.com\/pl\/#website\"},\"primaryImageOfPage\":{\"@id\":\"https:\/\/hallow.com\/pl\/saints\/bl-chiara-luce-badano\/#primaryimage\"},\"image\":{\"@id\":\"https:\/\/hallow.com\/pl\/saints\/bl-chiara-luce-badano\/#primaryimage\"},\"thumbnailUrl\":\"https:\/\/hallow.com\/wp-content\/uploads\/2024\/10\/blessed-chiara-luce-badano.jpg\",\"datePublished\":\"2024-10-29T01:00:55+00:00\",\"dateModified\":\"2024-10-29T15:10:13+00:00\",\"breadcrumb\":{\"@id\":\"https:\/\/hallow.com\/pl\/saints\/bl-chiara-luce-badano\/#breadcrumb\"},\"inLanguage\":\"pl-PL\",\"potentialAction\":[{\"@type\":\"ReadAction\",\"target\":[\"https:\/\/hallow.com\/pl\/saints\/bl-chiara-luce-badano\/\"]}]},{\"@type\":\"ImageObject\",\"inLanguage\":\"pl-PL\",\"@id\":\"https:\/\/hallow.com\/pl\/saints\/bl-chiara-luce-badano\/#primaryimage\",\"url\":\"https:\/\/hallow.com\/wp-content\/uploads\/2024\/10\/blessed-chiara-luce-badano.jpg\",\"contentUrl\":\"https:\/\/hallow.com\/wp-content\/uploads\/2024\/10\/blessed-chiara-luce-badano.jpg\",\"width\":750,\"height\":500,\"caption\":\"Imae via the Diocese of Westminster Youth Ministry\"},{\"@type\":\"BreadcrumbList\",\"@id\":\"https:\/\/hallow.com\/pl\/saints\/bl-chiara-luce-badano\/#breadcrumb\",\"itemListElement\":[{\"@type\":\"ListItem\",\"position\":1,\"name\":\"Home\",\"item\":\"https:\/\/hallow.com\/pl\/\"},{\"@type\":\"ListItem\",\"position\":2,\"name\":\"B\u0142. Chiara Luce Badano: \u015awi\u0119to, modlitwy, cytaty i wiele wi\u0119cej\"}]},{\"@type\":\"WebSite\",\"@id\":\"https:\/\/hallow.com\/pl\/#website\",\"url\":\"https:\/\/hallow.com\/pl\/\",\"name\":\"Hallow\",\"description\":\"Catholic Prayer and Meditation App\",\"publisher\":{\"@id\":\"https:\/\/hallow.com\/pl\/#organization\"},\"potentialAction\":[{\"@type\":\"SearchAction\",\"target\":{\"@type\":\"EntryPoint\",\"urlTemplate\":\"https:\/\/hallow.com\/pl\/?s={search_term_string}\"},\"query-input\":{\"@type\":\"PropertyValueSpecification\",\"valueRequired\":true,\"valueName\":\"search_term_string\"}}],\"inLanguage\":\"pl-PL\"},{\"@type\":\"Organization\",\"@id\":\"https:\/\/hallow.com\/pl\/#organization\",\"name\":\"Hallow\",\"url\":\"https:\/\/hallow.com\/pl\/\",\"logo\":{\"@type\":\"ImageObject\",\"inLanguage\":\"pl-PL\",\"@id\":\"https:\/\/hallow.com\/pl\/#\/schema\/logo\/image\/\",\"url\":\"https:\/\/hallow.com\/wp-content\/uploads\/2019\/04\/Purple-Logo.png\",\"contentUrl\":\"https:\/\/hallow.com\/wp-content\/uploads\/2019\/04\/Purple-Logo.png\",\"width\":1470,\"height\":292,\"caption\":\"Hallow\"},\"image\":{\"@id\":\"https:\/\/hallow.com\/pl\/#\/schema\/logo\/image\/\"},\"sameAs\":[\"https:\/\/facebook.com\/hallowapp\",\"https:\/\/x.com\/hallowapp\",\"https:\/\/instagram.com\/hallowapp\"]},{\"@type\":\"Person\",\"@id\":\"https:\/\/hallow.com\/pl\/#\/schema\/person\/bff513b387a9f89e4d7463f0cd46c242\",\"name\":\"Stephen Spiewak\"}]}<\/script>\n<!-- \/ Yoast SEO Premium plugin. -->","yoast_head_json":{"title":"B\u0142. Chiara Luce Badano: \u015awi\u0119to, modlitwy, cytaty i wiele wi\u0119cej &#8211; Hallow","robots":{"index":"index","follow":"follow","max-snippet":"max-snippet:-1","max-image-preview":"max-image-preview:large","max-video-preview":"max-video-preview:-1"},"canonical":"https:\/\/hallow.com\/pl\/saints\/bl-chiara-luce-badano\/","og_locale":"pl_PL","og_type":"article","og_title":"B\u0142. Chiara Luce Badano: \u015awi\u0119to, modlitwy, cytaty i wiele wi\u0119cej","og_description":"Przegl\u0105d Chiara Badano urodzi\u0142a si\u0119 w 1971 roku w ma\u0142ym miasteczku w p\u00f3\u0142nocnych W\u0142oszech. Jej rodzice przez 11 lat bezskutecznie starali si\u0119 o dziecko. Jej ojciec modli\u0142 si\u0119 w sanktuarium Matki Bo\u017cej z Rocche i wkr\u00f3tce potem urodzi\u0142a si\u0119 Chiara. Jako dziecko by\u0142a inteligentna i mia\u0142a siln\u0105 wol\u0119. W wieku 9 lat odkry\u0142a ruch Focolare, &hellip; Continued","og_url":"https:\/\/hallow.com\/pl\/saints\/bl-chiara-luce-badano\/","og_site_name":"Hallow","article_publisher":"https:\/\/facebook.com\/hallowapp","article_modified_time":"2024-10-29T15:10:13+00:00","og_image":[{"width":750,"height":500,"url":"https:\/\/hallow.com\/wp-content\/uploads\/2024\/10\/blessed-chiara-luce-badano.jpg","type":"image\/jpeg"}],"twitter_card":"summary_large_image","twitter_site":"@hallowapp","schema":{"@context":"https:\/\/schema.org","@graph":[{"@type":"Article","@id":"https:\/\/hallow.com\/pl\/saints\/bl-chiara-luce-badano\/#article","isPartOf":{"@id":"https:\/\/hallow.com\/pl\/saints\/bl-chiara-luce-badano\/"},"author":{"name":"Stephen Spiewak","@id":"https:\/\/hallow.com\/pl\/#\/schema\/person\/bff513b387a9f89e4d7463f0cd46c242"},"headline":"B\u0142. Chiara Luce Badano: \u015awi\u0119to, modlitwy, cytaty i wiele wi\u0119cej","datePublished":"2024-10-29T01:00:55+00:00","dateModified":"2024-10-29T15:10:13+00:00","mainEntityOfPage":{"@id":"https:\/\/hallow.com\/pl\/saints\/bl-chiara-luce-badano\/"},"wordCount":618,"publisher":{"@id":"https:\/\/hallow.com\/pl\/#organization"},"image":{"@id":"https:\/\/hallow.com\/pl\/saints\/bl-chiara-luce-badano\/#primaryimage"},"thumbnailUrl":"https:\/\/hallow.com\/wp-content\/uploads\/2024\/10\/blessed-chiara-luce-badano.jpg","inLanguage":"pl-PL"},{"@type":"WebPage","@id":"https:\/\/hallow.com\/pl\/saints\/bl-chiara-luce-badano\/","url":"https:\/\/hallow.com\/pl\/saints\/bl-chiara-luce-badano\/","name":"B\u0142. Chiara Luce Badano: \u015awi\u0119to, modlitwy, cytaty i wiele wi\u0119cej &#8211; Hallow","isPartOf":{"@id":"https:\/\/hallow.com\/pl\/#website"},"primaryImageOfPage":{"@id":"https:\/\/hallow.com\/pl\/saints\/bl-chiara-luce-badano\/#primaryimage"},"image":{"@id":"https:\/\/hallow.com\/pl\/saints\/bl-chiara-luce-badano\/#primaryimage"},"thumbnailUrl":"https:\/\/hallow.com\/wp-content\/uploads\/2024\/10\/blessed-chiara-luce-badano.jpg","datePublished":"2024-10-29T01:00:55+00:00","dateModified":"2024-10-29T15:10:13+00:00","breadcrumb":{"@id":"https:\/\/hallow.com\/pl\/saints\/bl-chiara-luce-badano\/#breadcrumb"},"inLanguage":"pl-PL","potentialAction":[{"@type":"ReadAction","target":["https:\/\/hallow.com\/pl\/saints\/bl-chiara-luce-badano\/"]}]},{"@type":"ImageObject","inLanguage":"pl-PL","@id":"https:\/\/hallow.com\/pl\/saints\/bl-chiara-luce-badano\/#primaryimage","url":"https:\/\/hallow.com\/wp-content\/uploads\/2024\/10\/blessed-chiara-luce-badano.jpg","contentUrl":"https:\/\/hallow.com\/wp-content\/uploads\/2024\/10\/blessed-chiara-luce-badano.jpg","width":750,"height":500,"caption":"Imae via the Diocese of Westminster Youth Ministry"},{"@type":"BreadcrumbList","@id":"https:\/\/hallow.com\/pl\/saints\/bl-chiara-luce-badano\/#breadcrumb","itemListElement":[{"@type":"ListItem","position":1,"name":"Home","item":"https:\/\/hallow.com\/pl\/"},{"@type":"ListItem","position":2,"name":"B\u0142. Chiara Luce Badano: \u015awi\u0119to, modlitwy, cytaty i wiele wi\u0119cej"}]},{"@type":"WebSite","@id":"https:\/\/hallow.com\/pl\/#website","url":"https:\/\/hallow.com\/pl\/","name":"Hallow","description":"Catholic Prayer and Meditation App","publisher":{"@id":"https:\/\/hallow.com\/pl\/#organization"},"potentialAction":[{"@type":"SearchAction","target":{"@type":"EntryPoint","urlTemplate":"https:\/\/hallow.com\/pl\/?s={search_term_string}"},"query-input":{"@type":"PropertyValueSpecification","valueRequired":true,"valueName":"search_term_string"}}],"inLanguage":"pl-PL"},{"@type":"Organization","@id":"https:\/\/hallow.com\/pl\/#organization","name":"Hallow","url":"https:\/\/hallow.com\/pl\/","logo":{"@type":"ImageObject","inLanguage":"pl-PL","@id":"https:\/\/hallow.com\/pl\/#\/schema\/logo\/image\/","url":"https:\/\/hallow.com\/wp-content\/uploads\/2019\/04\/Purple-Logo.png","contentUrl":"https:\/\/hallow.com\/wp-content\/uploads\/2019\/04\/Purple-Logo.png","width":1470,"height":292,"caption":"Hallow"},"image":{"@id":"https:\/\/hallow.com\/pl\/#\/schema\/logo\/image\/"},"sameAs":["https:\/\/facebook.com\/hallowapp","https:\/\/x.com\/hallowapp","https:\/\/instagram.com\/hallowapp"]},{"@type":"Person","@id":"https:\/\/hallow.com\/pl\/#\/schema\/person\/bff513b387a9f89e4d7463f0cd46c242","name":"Stephen Spiewak"}]}},"_links":{"self":[{"href":"https:\/\/hallow.com\/pl\/wp-json\/wp\/v2\/saints\/69761"}],"collection":[{"href":"https:\/\/hallow.com\/pl\/wp-json\/wp\/v2\/saints"}],"about":[{"href":"https:\/\/hallow.com\/pl\/wp-json\/wp\/v2\/types\/saints"}],"author":[{"embeddable":true,"href":"https:\/\/hallow.com\/pl\/wp-json\/wp\/v2\/users\/32"}],"wp:featuredmedia":[{"embeddable":true,"href":"https:\/\/hallow.com\/pl\/wp-json\/wp\/v2\/media\/69674"}],"wp:attachment":[{"href":"https:\/\/hallow.com\/pl\/wp-json\/wp\/v2\/media?parent=69761"}],"wp:term":[{"taxonomy":"category","embeddable":true,"href":"https:\/\/hallow.com\/pl\/wp-json\/wp\/v2\/categories?post=69761"},{"taxonomy":"post_tag","embeddable":true,"href":"https:\/\/hallow.com\/pl\/wp-json\/wp\/v2\/tags?post=69761"}],"curies":[{"name":"wp","href":"https:\/\/api.w.org\/{rel}","templated":true}]}}