{"id":40687,"date":"2023-08-18T22:16:23","date_gmt":"2023-08-18T22:16:23","guid":{"rendered":"https:\/\/hallow.com\/?post_type=saints&#038;p=40687"},"modified":"2023-08-29T17:15:02","modified_gmt":"2023-08-29T17:15:02","slug":"dymphna","status":"publish","type":"saints","link":"https:\/\/hallow.com\/pt-br\/saints\/dymphna\/","title":{"rendered":"Santa Dymphna &#8211; Dia da festa, ora\u00e7\u00f5es, cita\u00e7\u00f5es e muito mais"},"content":{"rendered":"\n<p class=\"\"><strong>\u00cdndice<\/strong><\/p>\n\n\n\n<ul class=\"wp-block-list\">\n<li>Vis\u00e3o geral<\/li>\n\n\n\n<li><a href=\"#miracles\">Milagres<\/a><\/li>\n\n\n\n<li><a href=\"#devotion\">Devo\u00e7\u00e3o<\/a><\/li>\n\n\n\n<li><a href=\"#prayers\">Ora\u00e7\u00f5es<\/a><\/li>\n\n\n\n<li><a href=\"#shrine\">Santu\u00e1rio<\/a><\/li>\n\n\n\n<li><a href=\"#patronage\">Mecenato<\/a><\/li>\n\n\n\n<li><a href=\"#related-saints\">Santos relacionados<\/a><\/li>\n\n\n\n<li><a href=\"#related-prayers\">Ora\u00e7\u00f5es relacionadas<\/a><\/li>\n<\/ul>\n\n\n\n<h2 class=\"wp-block-heading\">Vis\u00e3o geral<\/h2>\n\n\n\n<ul class=\"wp-block-list\">\n<li><strong>Nascimento: <\/strong>S\u00e9culo VII, Irlanda<\/li>\n\n\n\n<li><strong>Localiza\u00e7\u00e3o: <\/strong>Irlanda<\/li>\n\n\n\n<li><strong>Morto:<\/strong> 650 d.C., Geel, B\u00e9lgica<\/li>\n\n\n\n<li><strong>Beatifica\u00e7\u00e3o:<\/strong> N\/A (Perante a Congrega\u00e7\u00e3o para as Causas dos Santos)<\/li>\n\n\n\n<li><strong>Canonizado:<\/strong> 1247<\/li>\n\n\n\n<li><strong>Dia da festa:<\/strong> 15 de maio<\/li>\n\n\n\n<li>Padroeiro <strong>de: <\/strong>perturba\u00e7\u00f5es nervosas, doen\u00e7as mentais, depress\u00e3o e viol\u00eancia dom\u00e9stica<\/li>\n<\/ul>\n\n\n\n<p class=\"\">Santa Dymphna \u00e9 a santa padroeira dos doentes mentais, das v\u00edtimas de incesto e de viol\u00eancia dom\u00e9stica e dos fugitivos. Ela inspira-nos a sermos resistentes contra os males do mundo e que Deus nunca nos abandonar\u00e1, apesar de qualquer mal que possamos sofrer.  <\/p>\n\n\n\n<p class=\"\">Nasceu na Irlanda no s\u00e9culo VII, filha de um rei pag\u00e3o e de uma m\u00e3e crist\u00e3. A sua m\u00e3e morreu quando ela tinha 14 anos e o seu pai tentou casar com a jovem Dymphna. A <a href=\"https:\/\/www.ncronline.org\/news\/world\/inspired-dymphna-belgium-town-welcomes-mentally-ill\">conselho do seu padre<\/a>, Dymphna fugiu, indo parar a uma cidade chamada Geel, na atual B\u00e9lgica.<\/p>\n\n\n\n<p class=\"\">Enquanto l\u00e1 estava, e tentando fugir ao seu pai, construiu um santu\u00e1rio para os doentes. O seu pai acabou por a encontrar e decapitou-a brutalmente.<\/p>\n\n\n\n<h2 class=\"wp-block-heading\" id=\"miracles\"><strong>Milagres<\/strong><\/h2>\n\n\n\n<p class=\"\">Diz-se que Santa Dymphna curou milagrosamente as afli\u00e7\u00f5es mentais, emocionais e neurol\u00f3gicas dos peregrinos que visitavam o seu t\u00famulo em Geel. Com base nestes milagres e na hist\u00f3ria do seu mart\u00edrio, foi canonizada em 1247.<\/p>\n\n\n\n<p class=\"\">Continua a interceder pelos habitantes de Geel, onde as pessoas diagnosticadas com perturba\u00e7\u00f5es mentais continuam a <a href=\"https:\/\/www.npr.org\/sections\/health-shots\/2016\/07\/01\/484083305\/for-centuries-a-small-town-has-embraced-strangers-with-mental-illness\">receber tratamento<\/a>. O santu\u00e1rio transbordou de convidados ao ponto de os habitantes da cidade terem de come\u00e7ar a acolher as pessoas nas suas pr\u00f3prias casas. Assim come\u00e7ou uma tradi\u00e7\u00e3o que perdura h\u00e1 mais de 500 anos. At\u00e9 hoje, as pessoas continuam a ser acolhidas nas casas dos habitantes de Geel como &#8220;pensionistas&#8221; e membros integrados da comunidade.<\/p>\n\n\n\n<h2 class=\"wp-block-heading\" id=\"devotion\"><strong>Devo\u00e7\u00e3o a Santa Dymphna<\/strong><\/h2>\n\n\n\n<p class=\"\">O corpo de Dymphna foi sepultado em Geel, onde se tornou um local de peregrina\u00e7\u00e3o, tendo sido canonizada como santa em 1247, na sequ\u00eancia dos numerosos milagres e curas que a\u00ed ocorreram. Atualmente, existem muitas igrejas e santu\u00e1rios dedicados a ela, incluindo um dos mais emblem\u00e1ticos, Santa Dymphna, em Geel, na B\u00e9lgica. \u00c9 tamb\u00e9m invocada no rito do exorcismo, pois acredita-se que tem o poder de curar os que sofrem de doen\u00e7as espirituais.<\/p>\n\n\n\n<p class=\"\"><\/p>\n\n\n\n<div class=\"wp-block-buttons is-content-justification-center is-layout-flex wp-container-core-buttons-is-layout-1 wp-block-buttons-is-layout-flex\">\n<div class=\"wp-block-button\"><a class=\"wp-block-button__link wp-element-button\" href=\"https:\/\/hallow.app.link\/dymphna\">Encontrar a paz com Hallow &#8211; Obter a aplica\u00e7\u00e3o<\/a><\/div>\n<\/div>\n\n\n\n<h2 class=\"wp-block-heading\" id=\"prayers\"><strong>Ora\u00e7\u00f5es de Santa Dymphna<\/strong><\/h2>\n\n\n\n<p class=\"\">Santa Dymphna \u00e9 uma poderosa intercessora para aqueles que est\u00e3o a lutar com problemas de sa\u00fade mental. \u00c9 conhecida pela sua coragem e devo\u00e7\u00e3o a Deus, e tem o poder de curar aqueles que sofrem de doen\u00e7as mentais.<\/p>\n\n\n\n<p class=\"\">Se se sentir triste ou angustiado, pode dizer ora\u00e7\u00f5es simples como<\/p>\n\n\n\n<p class=\"\"><strong>Apelo a Santa Dymphna<\/strong><\/p>\n\n\n\n<p class=\"\">Boa Santa Dymphna, grande prod\u00edgio em todas as afli\u00e7\u00f5es da mente e do corpo, imploro humildemente a vossa poderosa intercess\u00e3o junto de Jesus atrav\u00e9s de Maria, a Sa\u00fade dos Doentes, na minha necessidade atual. (Menciona-o.)<\/p>\n\n\n\n<p class=\"\">Santa Dymphna, m\u00e1rtir da pureza, padroeira dos que sofrem de afli\u00e7\u00f5es nervosas e mentais, filha predileta de Jesus e de Maria, roga-Lhes por mim e obt\u00e9m o meu pedido.<\/p>\n\n\n\n<p class=\"\">(Rezar um Pai-Nosso, uma Av\u00e9-Maria e um Gl\u00f3ria).<\/p>\n\n\n\n<p class=\"\"><a href=\"https:\/\/www.churchpop.com\/feeling-sad-or-distressed-turn-to-st-dymphna-patron-of-the-mentally-afflicted\/\">(Fonte<\/a>)<\/p>\n\n\n\n<p class=\"\"><strong>Ora\u00e7\u00e3o para confiar um ente querido \u00e0 intercess\u00e3o de Santa Dymphna<\/strong><\/p>\n\n\n\n<blockquote class=\"wp-block-quote is-layout-flow wp-block-quote-is-layout-flow\">\n<p class=\"\">Santa Dymphna, Virgem e M\u00e1rtir, rogai por n\u00f3s.<\/p>\n\n\n\n<p class=\"\">Senhor Jesus Cristo,<br>Desejastes que Santa Dymphna fosse<br>invocado por milhares de clientes como<br>a padroeira das doen\u00e7as nervosas e mentais,<br>e fizeram com que o seu interesse<br>nestes doentes deve ser uma inspira\u00e7\u00e3o para<br>e um ideal de caridade em todo o mundo.<\/p>\n\n\n\n<p class=\"\">Fazei com que, atrav\u00e9s das ora\u00e7\u00f5es deste<br>jovem m\u00e1rtir da pureza, aqueles que sofrem<br>de doen\u00e7as nervosas e mentais em todo o lado<br>na terra possam ser ajudados e consolados.<\/p>\n\n\n\n<p class=\"\">Recomendo-vos em particular<br>(Mencionar aqui as pessoas por quem deseja rezar).<\/p>\n\n\n\n<p class=\"\">S\u00ea feliz em ouvir as ora\u00e7\u00f5es de<br>Santa Dymphna e da vossa M\u00e3e Sant\u00edssima<\/p>\n\n\n\n<p class=\"\">Aux\u00edlio dos doentes e Consolador dos aflitos,<br>em nome daqueles que eu recomendo ao<br>amor e compaix\u00e3o do Vosso Sagrado Cora\u00e7\u00e3o.<\/p>\n\n\n\n<p class=\"\">Dai-lhes paci\u00eancia para suportar a afli\u00e7\u00e3o e resigna\u00e7\u00e3o para cumprir a Vossa vontade divina.<\/p>\n\n\n\n<p class=\"\">Dai-lhes a consola\u00e7\u00e3o de que necessitam e sobretudo a cura que tanto desejam, se for da Vossa vontade.<\/p>\n\n\n\n<p class=\"\">Que todos n\u00f3s sirvamos os Vossos membros sofredores com uma caridade que nos mere\u00e7a a recompensa de estarmos unidos para sempre no C\u00e9u convosco, nossa Divina Cabe\u00e7a, que vive e reina com o Pai na unidade do Esp\u00edrito Santo para sempre.<\/p>\n\n\n\n<p class=\"\">Am\u00e9m.<\/p>\n\n\n\n<p class=\"\">Dirijo-me a ti, querida virgem e m\u00e1rtir, confiante no teu poder junto de Deus e na tua vontade de tomar a minha causa nas tuas m\u00e3os.<\/p>\n\n\n\n<p class=\"\">Como padroeira dos nervosos e dos emocionalmente angustiados, espero firmemente que, por sua bondosa intercess\u00e3o, Ele me devolva a serenidade perdida. Por favor, obt\u00e9m para mim a gra\u00e7a de que Ele possa expulsar da minha alma o esp\u00edrito maligno da depress\u00e3o, do \u00f3dio, do medo e de quaisquer outras for\u00e7as negativas que possam habitar dentro de mim. Que Ele fale ao meu cora\u00e7\u00e3o e me tranquilize: &#8220;Dou-vos a minha paz. N\u00e3o se turbe o vosso cora\u00e7\u00e3o, nem se atemorize&#8221;.<\/p>\n\n\n\n<p class=\"\">Reza por mim, querida Santa Dymphna, para que a minha agita\u00e7\u00e3o nervosa e emocional cesse, e para que eu volte a conhecer a serenidade e a paz pessoal. Em nome de Jesus, eu rezo, Am\u00e9m.<\/p>\n<\/blockquote>\n\n\n\n<p class=\"\"><a href=\"https:\/\/www.missiodeicatholic.org\/p\/st-dymphna-patroness-of-domestic\">(Fonte<\/a>)<\/p>\n\n\n\n<p class=\"\"><\/p>\n\n\n\n<div class=\"wp-block-buttons is-content-justification-center is-layout-flex wp-container-core-buttons-is-layout-2 wp-block-buttons-is-layout-flex\">\n<div class=\"wp-block-button\"><a class=\"wp-block-button__link wp-element-button\" href=\"hallow.app.link\/dymphna\">Rezar com os santos na aplica\u00e7\u00e3o Hallow<\/a><\/div>\n<\/div>\n\n\n\n<h2 class=\"wp-block-heading\" id=\"shrine\">Santu\u00e1rio<\/h2>\n\n\n\n<ul class=\"wp-block-list\">\n<li><a href=\"https:\/\/natlshrinestdymphna.org\/site\/\">Santu\u00e1rio Nacional de Santa Dymphna (Massillon, OH)<\/a><\/li>\n<\/ul>\n\n\n\n<h2 class=\"wp-block-heading\" id=\"patronage\">Mecenato<\/h2>\n\n\n\n<ul class=\"wp-block-list\">\n<li><a href=\"https:\/\/www.zotvandimpna.be\/en\/location\">Igreja de Santa Dymphna (Geel)<\/a><\/li>\n\n\n\n<li><a href=\"https:\/\/smdpyl.org\/mentalwellness\">Disc\u00edpulos de Santa Dymphna<\/a><\/li>\n\n\n\n<li><a href=\"https:\/\/www.sandiego.edu\/soles\/centers-and-institutes\/catholic-institute-mental-health\/our-patron.php\">Instituto Cat\u00f3lico para a Pastoral da Sa\u00fade Mental da Universidade de San Diego<\/a><\/li>\n<\/ul>\n\n\n\n<h2 class=\"wp-block-heading\" id=\"related-saints\">Santos relacionados<\/h2>\n\n\n\n<ul class=\"wp-block-list\">\n<li><a href=\"https:\/\/hallow.com\/blog\/st-teresa-of-avila-prayers-quotes-feast-day\/\">Santa Teresa de \u00c1vila<\/a><\/li>\n\n\n\n<li><a href=\"https:\/\/hallow.com\/blog\/st-catherine-of-siena-feast-prayers-quotes-feast-day\/\">Santa Catarina de Siena<\/a><\/li>\n\n\n\n<li><a href=\"https:\/\/hallow.com\/blog\/st-rita-novena\/\">Santa Rita de C\u00e1ssia<\/a><\/li>\n\n\n\n<li><a href=\"https:\/\/hallow.com\/pt-br\/?post_type=saints&amp;p=40685\">Santa Cec\u00edlia<\/a><\/li>\n<\/ul>\n\n\n\n<h2 class=\"wp-block-heading\" id=\"related-prayers\">Ora\u00e7\u00f5es relacionadas<\/h2>\n\n\n\n<ul class=\"wp-block-list\">\n<li><a href=\"https:\/\/hallow.com\/blog\/prayers-for-healing\/\">Ora\u00e7\u00f5es para a cura<\/a><\/li>\n\n\n\n<li><a href=\"https:\/\/hallow.com\/blog\/prayers-for-hope\/\">Ora\u00e7\u00f5es para a esperan\u00e7a<\/a><\/li>\n\n\n\n<li><a href=\"https:\/\/hallow.com\/blog\/mental-health-the-examen\/\">A sa\u00fade mental e o exame<\/a><\/li>\n\n\n\n<li><a href=\"https:\/\/hallow.com\/blog\/mental-health-praying-with-saints\/\">A sa\u00fade mental e a ora\u00e7\u00e3o com os santos<\/a><\/li>\n\n\n\n<li><a href=\"https:\/\/hallow.com\/blog\/prayers-for-anxiety\/\">Ora\u00e7\u00f5es para a ansiedade e o medo<\/a><\/li>\n<\/ul>\n","protected":false},"author":24,"featured_media":40292,"menu_order":0,"template":"","format":"standard","categories":[258],"tags":[274,268],"class_list":["post-40687","saints","type-saints","status-publish","format-standard","has-post-thumbnail","hentry","category-santo","tag-martir","tag-mulheres"],"acf":[],"yoast_head":"<!-- This site is optimized with the Yoast SEO Premium plugin v24.3 (Yoast SEO v25.6) - https:\/\/yoast.com\/wordpress\/plugins\/seo\/ -->\n<title>Santa Dymphna: Ora\u00e7\u00f5es, cita\u00e7\u00f5es, festa e patronato | Hallow<\/title>\n<meta name=\"description\" content=\"Santa Dymphna, uma corajosa m\u00e1rtir do s\u00e9culo VII, \u00e9 a santa padroeira dos que lutam contra as doen\u00e7as mentais.\" \/>\n<meta name=\"robots\" content=\"index, follow, max-snippet:-1, max-image-preview:large, max-video-preview:-1\" \/>\n<link rel=\"canonical\" href=\"https:\/\/hallow.com\/pt-br\/saints\/dymphna\/\" \/>\n<meta property=\"og:locale\" content=\"pt_BR\" \/>\n<meta property=\"og:type\" content=\"article\" \/>\n<meta property=\"og:title\" content=\"Santa Dymphna - Dia da festa, ora\u00e7\u00f5es, cita\u00e7\u00f5es e muito mais\" \/>\n<meta property=\"og:description\" content=\"Santa Dymphna, uma corajosa m\u00e1rtir do s\u00e9culo VII, \u00e9 a santa padroeira dos que lutam contra as doen\u00e7as mentais.\" \/>\n<meta property=\"og:url\" content=\"https:\/\/hallow.com\/pt-br\/saints\/dymphna\/\" \/>\n<meta property=\"og:site_name\" content=\"Hallow\" \/>\n<meta property=\"article:publisher\" content=\"https:\/\/facebook.com\/hallowapp\" \/>\n<meta property=\"article:modified_time\" content=\"2023-08-29T17:15:02+00:00\" \/>\n<meta property=\"og:image\" content=\"https:\/\/hallow.com\/wp-content\/uploads\/2023\/08\/St.-Dymphna-900x800-1.png\" \/>\n\t<meta property=\"og:image:width\" content=\"900\" \/>\n\t<meta property=\"og:image:height\" content=\"800\" \/>\n\t<meta property=\"og:image:type\" content=\"image\/png\" \/>\n<meta name=\"twitter:card\" content=\"summary_large_image\" \/>\n<meta name=\"twitter:site\" content=\"@hallowapp\" \/>\n<script type=\"application\/ld+json\" class=\"yoast-schema-graph\">{\"@context\":\"https:\/\/schema.org\",\"@graph\":[{\"@type\":\"Article\",\"@id\":\"https:\/\/hallow.com\/pt-br\/saints\/dymphna\/#article\",\"isPartOf\":{\"@id\":\"https:\/\/hallow.com\/pt-br\/saints\/dymphna\/\"},\"author\":{\"name\":\"Hallow\",\"@id\":\"https:\/\/hallow.com\/pt-br\/#\/schema\/person\/93e1cadb5e4b684f6a1c10ecf46cfe2f\"},\"headline\":\"Santa Dymphna &#8211; Dia da festa, ora\u00e7\u00f5es, cita\u00e7\u00f5es e muito mais\",\"datePublished\":\"2023-08-18T22:16:23+00:00\",\"dateModified\":\"2023-08-29T17:15:02+00:00\",\"mainEntityOfPage\":{\"@id\":\"https:\/\/hallow.com\/pt-br\/saints\/dymphna\/\"},\"wordCount\":1048,\"publisher\":{\"@id\":\"https:\/\/hallow.com\/pt-br\/#organization\"},\"image\":{\"@id\":\"https:\/\/hallow.com\/pt-br\/saints\/dymphna\/#primaryimage\"},\"thumbnailUrl\":\"https:\/\/hallow.com\/wp-content\/uploads\/2023\/08\/St.-Dymphna-900x800-1.png\",\"keywords\":[\"m\u00e1rtir\",\"mulheres\"],\"articleSection\":[\"Santo\"],\"inLanguage\":\"pt-BR\"},{\"@type\":\"WebPage\",\"@id\":\"https:\/\/hallow.com\/pt-br\/saints\/dymphna\/\",\"url\":\"https:\/\/hallow.com\/pt-br\/saints\/dymphna\/\",\"name\":\"Santa Dymphna: Ora\u00e7\u00f5es, cita\u00e7\u00f5es, festa e patronato | Hallow\",\"isPartOf\":{\"@id\":\"https:\/\/hallow.com\/pt-br\/#website\"},\"primaryImageOfPage\":{\"@id\":\"https:\/\/hallow.com\/pt-br\/saints\/dymphna\/#primaryimage\"},\"image\":{\"@id\":\"https:\/\/hallow.com\/pt-br\/saints\/dymphna\/#primaryimage\"},\"thumbnailUrl\":\"https:\/\/hallow.com\/wp-content\/uploads\/2023\/08\/St.-Dymphna-900x800-1.png\",\"datePublished\":\"2023-08-18T22:16:23+00:00\",\"dateModified\":\"2023-08-29T17:15:02+00:00\",\"description\":\"Santa Dymphna, uma corajosa m\u00e1rtir do s\u00e9culo VII, \u00e9 a santa padroeira dos que lutam contra as doen\u00e7as mentais.\",\"breadcrumb\":{\"@id\":\"https:\/\/hallow.com\/pt-br\/saints\/dymphna\/#breadcrumb\"},\"inLanguage\":\"pt-BR\",\"potentialAction\":[{\"@type\":\"ReadAction\",\"target\":[\"https:\/\/hallow.com\/pt-br\/saints\/dymphna\/\"]}]},{\"@type\":\"ImageObject\",\"inLanguage\":\"pt-BR\",\"@id\":\"https:\/\/hallow.com\/pt-br\/saints\/dymphna\/#primaryimage\",\"url\":\"https:\/\/hallow.com\/wp-content\/uploads\/2023\/08\/St.-Dymphna-900x800-1.png\",\"contentUrl\":\"https:\/\/hallow.com\/wp-content\/uploads\/2023\/08\/St.-Dymphna-900x800-1.png\",\"width\":900,\"height\":800,\"caption\":\"A portrait of St. Dymphna\"},{\"@type\":\"BreadcrumbList\",\"@id\":\"https:\/\/hallow.com\/pt-br\/saints\/dymphna\/#breadcrumb\",\"itemListElement\":[{\"@type\":\"ListItem\",\"position\":1,\"name\":\"Home\",\"item\":\"https:\/\/hallow.com\/pt-br\/\"},{\"@type\":\"ListItem\",\"position\":2,\"name\":\"Santa Dymphna &#8211; Dia da festa, ora\u00e7\u00f5es, cita\u00e7\u00f5es e muito mais\"}]},{\"@type\":\"WebSite\",\"@id\":\"https:\/\/hallow.com\/pt-br\/#website\",\"url\":\"https:\/\/hallow.com\/pt-br\/\",\"name\":\"Hallow\",\"description\":\"Catholic Prayer and Meditation App\",\"publisher\":{\"@id\":\"https:\/\/hallow.com\/pt-br\/#organization\"},\"potentialAction\":[{\"@type\":\"SearchAction\",\"target\":{\"@type\":\"EntryPoint\",\"urlTemplate\":\"https:\/\/hallow.com\/pt-br\/?s={search_term_string}\"},\"query-input\":{\"@type\":\"PropertyValueSpecification\",\"valueRequired\":true,\"valueName\":\"search_term_string\"}}],\"inLanguage\":\"pt-BR\"},{\"@type\":\"Organization\",\"@id\":\"https:\/\/hallow.com\/pt-br\/#organization\",\"name\":\"Hallow\",\"url\":\"https:\/\/hallow.com\/pt-br\/\",\"logo\":{\"@type\":\"ImageObject\",\"inLanguage\":\"pt-BR\",\"@id\":\"https:\/\/hallow.com\/pt-br\/#\/schema\/logo\/image\/\",\"url\":\"https:\/\/hallow.com\/wp-content\/uploads\/2019\/04\/Purple-Logo.png\",\"contentUrl\":\"https:\/\/hallow.com\/wp-content\/uploads\/2019\/04\/Purple-Logo.png\",\"width\":1470,\"height\":292,\"caption\":\"Hallow\"},\"image\":{\"@id\":\"https:\/\/hallow.com\/pt-br\/#\/schema\/logo\/image\/\"},\"sameAs\":[\"https:\/\/facebook.com\/hallowapp\",\"https:\/\/x.com\/hallowapp\",\"https:\/\/instagram.com\/hallowapp\"]},{\"@type\":\"Person\",\"@id\":\"https:\/\/hallow.com\/pt-br\/#\/schema\/person\/93e1cadb5e4b684f6a1c10ecf46cfe2f\",\"name\":\"Hallow\"}]}<\/script>\n<!-- \/ Yoast SEO Premium plugin. -->","yoast_head_json":{"title":"Santa Dymphna: Ora\u00e7\u00f5es, cita\u00e7\u00f5es, festa e patronato | Hallow","description":"Santa Dymphna, uma corajosa m\u00e1rtir do s\u00e9culo VII, \u00e9 a santa padroeira dos que lutam contra as doen\u00e7as mentais.","robots":{"index":"index","follow":"follow","max-snippet":"max-snippet:-1","max-image-preview":"max-image-preview:large","max-video-preview":"max-video-preview:-1"},"canonical":"https:\/\/hallow.com\/pt-br\/saints\/dymphna\/","og_locale":"pt_BR","og_type":"article","og_title":"Santa Dymphna - Dia da festa, ora\u00e7\u00f5es, cita\u00e7\u00f5es e muito mais","og_description":"Santa Dymphna, uma corajosa m\u00e1rtir do s\u00e9culo VII, \u00e9 a santa padroeira dos que lutam contra as doen\u00e7as mentais.","og_url":"https:\/\/hallow.com\/pt-br\/saints\/dymphna\/","og_site_name":"Hallow","article_publisher":"https:\/\/facebook.com\/hallowapp","article_modified_time":"2023-08-29T17:15:02+00:00","og_image":[{"width":900,"height":800,"url":"https:\/\/hallow.com\/wp-content\/uploads\/2023\/08\/St.-Dymphna-900x800-1.png","type":"image\/png"}],"twitter_card":"summary_large_image","twitter_site":"@hallowapp","schema":{"@context":"https:\/\/schema.org","@graph":[{"@type":"Article","@id":"https:\/\/hallow.com\/pt-br\/saints\/dymphna\/#article","isPartOf":{"@id":"https:\/\/hallow.com\/pt-br\/saints\/dymphna\/"},"author":{"name":"Hallow","@id":"https:\/\/hallow.com\/pt-br\/#\/schema\/person\/93e1cadb5e4b684f6a1c10ecf46cfe2f"},"headline":"Santa Dymphna &#8211; Dia da festa, ora\u00e7\u00f5es, cita\u00e7\u00f5es e muito mais","datePublished":"2023-08-18T22:16:23+00:00","dateModified":"2023-08-29T17:15:02+00:00","mainEntityOfPage":{"@id":"https:\/\/hallow.com\/pt-br\/saints\/dymphna\/"},"wordCount":1048,"publisher":{"@id":"https:\/\/hallow.com\/pt-br\/#organization"},"image":{"@id":"https:\/\/hallow.com\/pt-br\/saints\/dymphna\/#primaryimage"},"thumbnailUrl":"https:\/\/hallow.com\/wp-content\/uploads\/2023\/08\/St.-Dymphna-900x800-1.png","keywords":["m\u00e1rtir","mulheres"],"articleSection":["Santo"],"inLanguage":"pt-BR"},{"@type":"WebPage","@id":"https:\/\/hallow.com\/pt-br\/saints\/dymphna\/","url":"https:\/\/hallow.com\/pt-br\/saints\/dymphna\/","name":"Santa Dymphna: Ora\u00e7\u00f5es, cita\u00e7\u00f5es, festa e patronato | Hallow","isPartOf":{"@id":"https:\/\/hallow.com\/pt-br\/#website"},"primaryImageOfPage":{"@id":"https:\/\/hallow.com\/pt-br\/saints\/dymphna\/#primaryimage"},"image":{"@id":"https:\/\/hallow.com\/pt-br\/saints\/dymphna\/#primaryimage"},"thumbnailUrl":"https:\/\/hallow.com\/wp-content\/uploads\/2023\/08\/St.-Dymphna-900x800-1.png","datePublished":"2023-08-18T22:16:23+00:00","dateModified":"2023-08-29T17:15:02+00:00","description":"Santa Dymphna, uma corajosa m\u00e1rtir do s\u00e9culo VII, \u00e9 a santa padroeira dos que lutam contra as doen\u00e7as mentais.","breadcrumb":{"@id":"https:\/\/hallow.com\/pt-br\/saints\/dymphna\/#breadcrumb"},"inLanguage":"pt-BR","potentialAction":[{"@type":"ReadAction","target":["https:\/\/hallow.com\/pt-br\/saints\/dymphna\/"]}]},{"@type":"ImageObject","inLanguage":"pt-BR","@id":"https:\/\/hallow.com\/pt-br\/saints\/dymphna\/#primaryimage","url":"https:\/\/hallow.com\/wp-content\/uploads\/2023\/08\/St.-Dymphna-900x800-1.png","contentUrl":"https:\/\/hallow.com\/wp-content\/uploads\/2023\/08\/St.-Dymphna-900x800-1.png","width":900,"height":800,"caption":"A portrait of St. Dymphna"},{"@type":"BreadcrumbList","@id":"https:\/\/hallow.com\/pt-br\/saints\/dymphna\/#breadcrumb","itemListElement":[{"@type":"ListItem","position":1,"name":"Home","item":"https:\/\/hallow.com\/pt-br\/"},{"@type":"ListItem","position":2,"name":"Santa Dymphna &#8211; Dia da festa, ora\u00e7\u00f5es, cita\u00e7\u00f5es e muito mais"}]},{"@type":"WebSite","@id":"https:\/\/hallow.com\/pt-br\/#website","url":"https:\/\/hallow.com\/pt-br\/","name":"Hallow","description":"Catholic Prayer and Meditation App","publisher":{"@id":"https:\/\/hallow.com\/pt-br\/#organization"},"potentialAction":[{"@type":"SearchAction","target":{"@type":"EntryPoint","urlTemplate":"https:\/\/hallow.com\/pt-br\/?s={search_term_string}"},"query-input":{"@type":"PropertyValueSpecification","valueRequired":true,"valueName":"search_term_string"}}],"inLanguage":"pt-BR"},{"@type":"Organization","@id":"https:\/\/hallow.com\/pt-br\/#organization","name":"Hallow","url":"https:\/\/hallow.com\/pt-br\/","logo":{"@type":"ImageObject","inLanguage":"pt-BR","@id":"https:\/\/hallow.com\/pt-br\/#\/schema\/logo\/image\/","url":"https:\/\/hallow.com\/wp-content\/uploads\/2019\/04\/Purple-Logo.png","contentUrl":"https:\/\/hallow.com\/wp-content\/uploads\/2019\/04\/Purple-Logo.png","width":1470,"height":292,"caption":"Hallow"},"image":{"@id":"https:\/\/hallow.com\/pt-br\/#\/schema\/logo\/image\/"},"sameAs":["https:\/\/facebook.com\/hallowapp","https:\/\/x.com\/hallowapp","https:\/\/instagram.com\/hallowapp"]},{"@type":"Person","@id":"https:\/\/hallow.com\/pt-br\/#\/schema\/person\/93e1cadb5e4b684f6a1c10ecf46cfe2f","name":"Hallow"}]}},"_links":{"self":[{"href":"https:\/\/hallow.com\/pt-br\/wp-json\/wp\/v2\/saints\/40687"}],"collection":[{"href":"https:\/\/hallow.com\/pt-br\/wp-json\/wp\/v2\/saints"}],"about":[{"href":"https:\/\/hallow.com\/pt-br\/wp-json\/wp\/v2\/types\/saints"}],"author":[{"embeddable":true,"href":"https:\/\/hallow.com\/pt-br\/wp-json\/wp\/v2\/users\/24"}],"wp:featuredmedia":[{"embeddable":true,"href":"https:\/\/hallow.com\/pt-br\/wp-json\/wp\/v2\/media\/40292"}],"wp:attachment":[{"href":"https:\/\/hallow.com\/pt-br\/wp-json\/wp\/v2\/media?parent=40687"}],"wp:term":[{"taxonomy":"category","embeddable":true,"href":"https:\/\/hallow.com\/pt-br\/wp-json\/wp\/v2\/categories?post=40687"},{"taxonomy":"post_tag","embeddable":true,"href":"https:\/\/hallow.com\/pt-br\/wp-json\/wp\/v2\/tags?post=40687"}],"curies":[{"name":"wp","href":"https:\/\/api.w.org\/{rel}","templated":true}]}}