{"id":69763,"date":"2024-10-29T01:00:55","date_gmt":"2024-10-29T01:00:55","guid":{"rendered":"https:\/\/hallow.com\/?post_type=saints&#038;p=69763"},"modified":"2025-09-01T01:01:25","modified_gmt":"2025-09-01T01:01:25","slug":"chiara-luce-badano-dia-da-festa-oracoes-citacoes-e-muito-mais","status":"publish","type":"saints","link":"https:\/\/hallow.com\/pt-br\/saints\/chiara-luce-badano-dia-da-festa-oracoes-citacoes-e-muito-mais\/","title":{"rendered":"Beata Chiara Luce Badano: ora\u00e7\u00f5es, frases e muito mais"},"content":{"rendered":"\n<h2 class=\"wp-block-heading\" id=\"h-overview\"><strong>Vis\u00e3o geral<\/strong><\/h2>\n\n<ul class=\"wp-block-list\">\n<li><strong>Nascimento: <\/strong>29 de outubro de 1971<\/li>\n\n\n\n<li><strong>Localiza\u00e7\u00e3o:<\/strong> Sassello, It\u00e1lia<\/li>\n\n\n\n<li><strong>Falecimento:<\/strong> 7 de outubro de 1990<\/li>\n\n\n\n<li><strong>Beatifica\u00e7\u00e3o:<\/strong> 25 de setembro de 2010<\/li>\n\n\n\n<li><strong>Canonizado:<\/strong> em processo! <\/li>\n\n\n\n<li><strong>Dia da festa:<\/strong> 29 de outubro<\/li>\n\n\n\n<li><strong>Santo padroeiro dos:<\/strong>Jovens e da Jornada Mundial da Juventude<\/li>\n<\/ul>\n\n<p class=\"\">Chiara Badano nasceu em 1971 em uma pequena cidade no norte da It\u00e1lia. Seus pais tentaram por 11 anos ter um filho, sem sucesso. Seu <a href=\"https:\/\/www.thedivinemercy.org\/articles\/generation-x-gets-blessed\">pai rezou<\/a> em um santu\u00e1rio para Nossa Senhora das Rochas e, pouco tempo depois, Chiara nasceu.  <\/p>\n\n<p class=\"\">Quando crian\u00e7a, era <a href=\"http:\/\/secretariat.synod.va\/content\/synod2018\/en\/youth-testimonies\/blessed-chiara-badano.html\">inteligente e tinha for\u00e7a de vontade<\/a>. Aos 9 anos, descobriu o <a href=\"https:\/\/www.focolare.org\/en\/\">Movimento dos Focolares<\/a>, iniciado na It\u00e1lia durante a Segunda Guerra Mundial e que promovia uma mensagem de unidade para o mundo. <\/p>\n\n<p class=\"\">Chiara se uniu e apresentou Jesus a outras pessoas por meio de suas a\u00e7\u00f5es, n\u00e3o de suas palavras.<\/p>\n\n<p class=\"\">&#8220;N\u00e3o tenho que falar sobre Jesus, tenho que dar a Ele&#8230; em primeiro lugar, tendo uma atitude de escuta, mas, acima de tudo, pelo meu modo de amar&#8221;, <a href=\"https:\/\/www.focolare.org\/en\/29-october-liturgical-feast-of-blessed-chiara-badano\/\">disse ela<\/a>.<\/p>\n\n<p class=\"\">Chiara Lubich, fundadora da organiza\u00e7\u00e3o, deu-lhe o nome de Chiara<em> Luce <\/em>(luce significa &#8220;luz&#8221; em italiano), dizendo: &#8220;\u00c9 a luz do ideal que vence o mundo&#8221;.<\/p>\n\n<h2 class=\"wp-block-heading\" id=\"h-bl-chiara-luce-legacy\">Beata Legado de Chiara Luce<\/h2>\n\n<p class=\"\">Aos 17 anos, Chiara Luce foi diagnosticada com uma forma agressiva de c\u00e2ncer \u00f3sseo, depois de sentir dores enquanto jogava t\u00eanis.<\/p>\n\n<p class=\"\">Seu compromisso com Cristo e a incr\u00edvel f\u00e9 que ela demonstrou em meio a tantas dificuldades inspiraram muitas pessoas.<\/p>\n\n<p class=\"\">Chiara Luce se recusa a tomar morfina, um analg\u00e9sico, <a href=\"https:\/\/sistersoflife.org\/2021\/05\/12\/blessed-chiara-luce\/\">dizendo<\/a>: &#8220;Ela reduz a minha lucidez e s\u00f3 h\u00e1 uma coisa que posso fazer agora: oferecer o meu sofrimento a Jesus, porque quero participar o m\u00e1ximo poss\u00edvel do Seu sofrimento na cruz&#8221;.<\/p>\n\n<p class=\"\">Ela morreu antes de completar 19 anos e, antes de falecer, disse \u00e0 sua m\u00e3e que fosse feliz, porque ela mesma era.<\/p>\n\n<p class=\"\">Beato Chiara Luce queria que o seu funeral fosse repleto de cantos alegres, com o corpo vestido de noiva, o que significava que ela estava indo para se unir a Jesus.<\/p>\n\n<p class=\"\">Ela \u00e9 uma inspira\u00e7\u00e3o para os jovens e \u00e9 considerada a primeira integrante da Gera\u00e7\u00e3o X a ser beatificada. Ela \u00e9 lembrada por sua alegria e f\u00e9 incessantes <\/p>\n\n<h2 class=\"wp-block-heading\" id=\"h-bl-chiara-luce-prayers-and-quotes\">Beata Ora\u00e7\u00f5es e frases de Chiara Luce <\/h2>\n\n<p class=\"\">Esta ora\u00e7\u00e3o, em agradecimento \u00e0 Bem-aventurada Chiara Luce, vem do bispo italiano Livio Maritano, que defendeu a beatifica\u00e7\u00e3o da Bem-aventurada Chiara Luce antes de sua morte em 2014:  <\/p>\n\n<blockquote class=\"wp-block-quote is-layout-flow wp-block-quote-is-layout-flow\">\n<p class=\"\">Pai, fonte de todo o bem,<\/p>\n\n\n\n<p class=\"\">Agradecemos a voc\u00ea pela admir\u00e1vel<\/p>\n\n\n\n<p class=\"\">testemunho da Bem-aventurada Chiara Badano.<\/p>\n\n\n\n<p class=\"\">Animado pela gra\u00e7a do Esp\u00edrito Santo<\/p>\n\n\n\n<p class=\"\">e guiados pelo exemplo brilhante de Jesus,<\/p>\n\n\n\n<p class=\"\">ele acreditava firmemente no imenso amor de voc\u00eas,<\/p>\n\n\n\n<p class=\"\">determinada a retribuir com toda a sua for\u00e7a,<\/p>\n\n\n\n<p class=\"\">Abandonar a si mesmo com total confian\u00e7a<\/p>\n\n\n\n<p class=\"\">\u00e0 sua vontade paterna.<\/p>\n\n\n\n<p class=\"\">N\u00f3s humildemente oramos a voc\u00ea: conceda-nos tamb\u00e9m<\/p>\n\n\n\n<p class=\"\">a d\u00e1diva de viver com voc\u00ea e para voc\u00ea,<\/p>\n\n\n\n<p class=\"\">enquanto ousamos pedir a voc\u00ea, se estiver dentro da sua vontade,<\/p>\n\n\n\n<p class=\"\">gra\u00e7a por meio dos m\u00e9ritos de Cristo, nosso Senhor. Am\u00e9m.<\/p>\n<\/blockquote>\n\n<p class=\"\">Aqui voc\u00ea encontra algumas frases fortes atribu\u00eddas a Chiara: <\/p>\n\n<ul class=\"wp-block-list\">\n<li>&#8220;Neste momento, n\u00e3o me resta mais nada. Mas ainda tenho meu cora\u00e7\u00e3o e, com ele, sempre poderei amar.&#8221;<\/li>\n\n\n\n<li>&#8220;Redescobri o Evangelho&#8230; Eu n\u00e3o era um crist\u00e3o aut\u00eantico porque n\u00e3o o vivia plenamente. N\u00e3o vou e n\u00e3o posso continuar analfabeto de uma mensagem t\u00e3o extraordin\u00e1ria. Agora quero fazer deste livro maravilhoso o \u00fanico objetivo de minha vida.&#8221;  <\/li>\n<\/ul>\n\n<h2 class=\"wp-block-heading\" id=\"h-bl-chiara-luce-patronage-nbsp\">Beato Patroc\u00ednio de Chiara Luce  <\/h2>\n\n<ul class=\"wp-block-list\">\n<li><a href=\"https:\/\/www.chiarabadano.org\/en\/foundation\/\">Funda\u00e7\u00e3o Chiara Badano<\/a><\/li>\n\n\n\n<li><a href=\"https:\/\/blessedsacramentwichita.com\/pillars\/formation\/76944-the-society-of-blessed-chiara-luce-badano\">Sociedade da Bem-Aventurada Chiara Luce Badano\/Jovens Sacrist\u00e3s<\/a><\/li>\n<\/ul>\n\n<h2 class=\"wp-block-heading\" id=\"h-related-saints\">Santos relacionados<\/h2>\n\n<ul class=\"wp-block-list\">\n<li><a href=\"https:\/\/hallow.com\/pt-br\/saints\/carlo-acutis\/\">Beato Carlo Acutis<\/a><\/li>\n\n\n\n<li><a href=\"https:\/\/hallow.com\/pt-br\/saints\/sao-joao-bosco\/\">S\u00e3o Jo\u00e3o Bosco<\/a><\/li>\n\n\n\n<li><a href=\"https:\/\/hallow.com\/pt-br\/saints\/juan-diego\/\">S\u00e3o Jo\u00e3o Diego<\/a><\/li>\n<\/ul>\n\n<p class=\"\">Vers\u00edculos b\u00edblicos relacionados<\/p>\n\n<ul class=\"wp-block-list\">\n<li><a href=\"https:\/\/hallow.com\/scripture\/bible-verses-for-gen-z\/\">Vers\u00edculos b\u00edblicos para a gera\u00e7\u00e3o Z<\/a><\/li>\n\n\n\n<li><a href=\"https:\/\/hallow.com\/scripture\/bible-verses-for-parenting\/\">Vers\u00edculos b\u00edblicos para pais e m\u00e3es<\/a><\/li>\n\n\n\n<li><a href=\"https:\/\/hallow.com\/scripture\/bible-verses-for-teens\/\">Vers\u00edculos b\u00edblicos para adolescentes<\/a><\/li>\n<\/ul>\n","protected":false},"author":32,"featured_media":69675,"menu_order":0,"template":"","format":"standard","categories":[],"tags":[],"class_list":["post-69763","saints","type-saints","status-publish","format-standard","has-post-thumbnail","hentry"],"acf":[],"yoast_head":"<!-- This site is optimized with the Yoast SEO Premium plugin v24.3 (Yoast SEO v25.6) - https:\/\/yoast.com\/wordpress\/plugins\/seo\/ -->\n<title>Beata Chiara Luce Badano: ora\u00e7\u00f5es, frases e muito mais &#8211; Hallow<\/title>\n<meta name=\"robots\" content=\"index, follow, max-snippet:-1, max-image-preview:large, max-video-preview:-1\" \/>\n<link rel=\"canonical\" href=\"https:\/\/hallow.com\/pt-br\/saints\/chiara-luce-badano-dia-da-festa-oracoes-citacoes-e-muito-mais\/\" \/>\n<meta property=\"og:locale\" content=\"pt_BR\" \/>\n<meta property=\"og:type\" content=\"article\" \/>\n<meta property=\"og:title\" content=\"Beata Chiara Luce Badano: ora\u00e7\u00f5es, frases e muito mais\" \/>\n<meta property=\"og:description\" content=\"Vis\u00e3o geral Chiara Badano nasceu em 1971 em uma pequena cidade no norte da It\u00e1lia. Seus pais tentaram por 11 anos ter um filho, sem sucesso. Seu pai rezou em um santu\u00e1rio para Nossa Senhora das Rochas e, pouco tempo depois, Chiara nasceu. Quando crian\u00e7a, era inteligente e tinha for\u00e7a de vontade. Aos 9 anos, &hellip; Continued\" \/>\n<meta property=\"og:url\" content=\"https:\/\/hallow.com\/pt-br\/saints\/chiara-luce-badano-dia-da-festa-oracoes-citacoes-e-muito-mais\/\" \/>\n<meta property=\"og:site_name\" content=\"Hallow\" \/>\n<meta property=\"article:publisher\" content=\"https:\/\/facebook.com\/hallowapp\" \/>\n<meta property=\"article:modified_time\" content=\"2025-09-01T01:01:25+00:00\" \/>\n<meta property=\"og:image\" content=\"https:\/\/hallow.com\/wp-content\/uploads\/2024\/10\/blessed-chiara-luce-badano.jpg\" \/>\n\t<meta property=\"og:image:width\" content=\"750\" \/>\n\t<meta property=\"og:image:height\" content=\"500\" \/>\n\t<meta property=\"og:image:type\" content=\"image\/jpeg\" \/>\n<meta name=\"twitter:card\" content=\"summary_large_image\" \/>\n<meta name=\"twitter:site\" content=\"@hallowapp\" \/>\n<script type=\"application\/ld+json\" class=\"yoast-schema-graph\">{\"@context\":\"https:\/\/schema.org\",\"@graph\":[{\"@type\":\"Article\",\"@id\":\"https:\/\/hallow.com\/pt-br\/saints\/chiara-luce-badano-dia-da-festa-oracoes-citacoes-e-muito-mais\/#article\",\"isPartOf\":{\"@id\":\"https:\/\/hallow.com\/pt-br\/saints\/chiara-luce-badano-dia-da-festa-oracoes-citacoes-e-muito-mais\/\"},\"author\":{\"name\":\"Stephen Spiewak\",\"@id\":\"https:\/\/hallow.com\/pt-br\/#\/schema\/person\/bff513b387a9f89e4d7463f0cd46c242\"},\"headline\":\"Beata Chiara Luce Badano: ora\u00e7\u00f5es, frases e muito mais\",\"datePublished\":\"2024-10-29T01:00:55+00:00\",\"dateModified\":\"2025-09-01T01:01:25+00:00\",\"mainEntityOfPage\":{\"@id\":\"https:\/\/hallow.com\/pt-br\/saints\/chiara-luce-badano-dia-da-festa-oracoes-citacoes-e-muito-mais\/\"},\"wordCount\":653,\"publisher\":{\"@id\":\"https:\/\/hallow.com\/pt-br\/#organization\"},\"image\":{\"@id\":\"https:\/\/hallow.com\/pt-br\/saints\/chiara-luce-badano-dia-da-festa-oracoes-citacoes-e-muito-mais\/#primaryimage\"},\"thumbnailUrl\":\"https:\/\/hallow.com\/wp-content\/uploads\/2024\/10\/blessed-chiara-luce-badano.jpg\",\"inLanguage\":\"pt-BR\"},{\"@type\":\"WebPage\",\"@id\":\"https:\/\/hallow.com\/pt-br\/saints\/chiara-luce-badano-dia-da-festa-oracoes-citacoes-e-muito-mais\/\",\"url\":\"https:\/\/hallow.com\/pt-br\/saints\/chiara-luce-badano-dia-da-festa-oracoes-citacoes-e-muito-mais\/\",\"name\":\"Beata Chiara Luce Badano: ora\u00e7\u00f5es, frases e muito mais &#8211; Hallow\",\"isPartOf\":{\"@id\":\"https:\/\/hallow.com\/pt-br\/#website\"},\"primaryImageOfPage\":{\"@id\":\"https:\/\/hallow.com\/pt-br\/saints\/chiara-luce-badano-dia-da-festa-oracoes-citacoes-e-muito-mais\/#primaryimage\"},\"image\":{\"@id\":\"https:\/\/hallow.com\/pt-br\/saints\/chiara-luce-badano-dia-da-festa-oracoes-citacoes-e-muito-mais\/#primaryimage\"},\"thumbnailUrl\":\"https:\/\/hallow.com\/wp-content\/uploads\/2024\/10\/blessed-chiara-luce-badano.jpg\",\"datePublished\":\"2024-10-29T01:00:55+00:00\",\"dateModified\":\"2025-09-01T01:01:25+00:00\",\"breadcrumb\":{\"@id\":\"https:\/\/hallow.com\/pt-br\/saints\/chiara-luce-badano-dia-da-festa-oracoes-citacoes-e-muito-mais\/#breadcrumb\"},\"inLanguage\":\"pt-BR\",\"potentialAction\":[{\"@type\":\"ReadAction\",\"target\":[\"https:\/\/hallow.com\/pt-br\/saints\/chiara-luce-badano-dia-da-festa-oracoes-citacoes-e-muito-mais\/\"]}]},{\"@type\":\"ImageObject\",\"inLanguage\":\"pt-BR\",\"@id\":\"https:\/\/hallow.com\/pt-br\/saints\/chiara-luce-badano-dia-da-festa-oracoes-citacoes-e-muito-mais\/#primaryimage\",\"url\":\"https:\/\/hallow.com\/wp-content\/uploads\/2024\/10\/blessed-chiara-luce-badano.jpg\",\"contentUrl\":\"https:\/\/hallow.com\/wp-content\/uploads\/2024\/10\/blessed-chiara-luce-badano.jpg\",\"width\":750,\"height\":500,\"caption\":\"Imae via the Diocese of Westminster Youth Ministry\"},{\"@type\":\"BreadcrumbList\",\"@id\":\"https:\/\/hallow.com\/pt-br\/saints\/chiara-luce-badano-dia-da-festa-oracoes-citacoes-e-muito-mais\/#breadcrumb\",\"itemListElement\":[{\"@type\":\"ListItem\",\"position\":1,\"name\":\"Home\",\"item\":\"https:\/\/hallow.com\/pt-br\/\"},{\"@type\":\"ListItem\",\"position\":2,\"name\":\"Beata Chiara Luce Badano: ora\u00e7\u00f5es, frases e muito mais\"}]},{\"@type\":\"WebSite\",\"@id\":\"https:\/\/hallow.com\/pt-br\/#website\",\"url\":\"https:\/\/hallow.com\/pt-br\/\",\"name\":\"Hallow\",\"description\":\"Catholic Prayer and Meditation App\",\"publisher\":{\"@id\":\"https:\/\/hallow.com\/pt-br\/#organization\"},\"potentialAction\":[{\"@type\":\"SearchAction\",\"target\":{\"@type\":\"EntryPoint\",\"urlTemplate\":\"https:\/\/hallow.com\/pt-br\/?s={search_term_string}\"},\"query-input\":{\"@type\":\"PropertyValueSpecification\",\"valueRequired\":true,\"valueName\":\"search_term_string\"}}],\"inLanguage\":\"pt-BR\"},{\"@type\":\"Organization\",\"@id\":\"https:\/\/hallow.com\/pt-br\/#organization\",\"name\":\"Hallow\",\"url\":\"https:\/\/hallow.com\/pt-br\/\",\"logo\":{\"@type\":\"ImageObject\",\"inLanguage\":\"pt-BR\",\"@id\":\"https:\/\/hallow.com\/pt-br\/#\/schema\/logo\/image\/\",\"url\":\"https:\/\/hallow.com\/wp-content\/uploads\/2019\/04\/Purple-Logo.png\",\"contentUrl\":\"https:\/\/hallow.com\/wp-content\/uploads\/2019\/04\/Purple-Logo.png\",\"width\":1470,\"height\":292,\"caption\":\"Hallow\"},\"image\":{\"@id\":\"https:\/\/hallow.com\/pt-br\/#\/schema\/logo\/image\/\"},\"sameAs\":[\"https:\/\/facebook.com\/hallowapp\",\"https:\/\/x.com\/hallowapp\",\"https:\/\/instagram.com\/hallowapp\"]},{\"@type\":\"Person\",\"@id\":\"https:\/\/hallow.com\/pt-br\/#\/schema\/person\/bff513b387a9f89e4d7463f0cd46c242\",\"name\":\"Stephen Spiewak\"}]}<\/script>\n<!-- \/ Yoast SEO Premium plugin. -->","yoast_head_json":{"title":"Beata Chiara Luce Badano: ora\u00e7\u00f5es, frases e muito mais &#8211; Hallow","robots":{"index":"index","follow":"follow","max-snippet":"max-snippet:-1","max-image-preview":"max-image-preview:large","max-video-preview":"max-video-preview:-1"},"canonical":"https:\/\/hallow.com\/pt-br\/saints\/chiara-luce-badano-dia-da-festa-oracoes-citacoes-e-muito-mais\/","og_locale":"pt_BR","og_type":"article","og_title":"Beata Chiara Luce Badano: ora\u00e7\u00f5es, frases e muito mais","og_description":"Vis\u00e3o geral Chiara Badano nasceu em 1971 em uma pequena cidade no norte da It\u00e1lia. Seus pais tentaram por 11 anos ter um filho, sem sucesso. Seu pai rezou em um santu\u00e1rio para Nossa Senhora das Rochas e, pouco tempo depois, Chiara nasceu. Quando crian\u00e7a, era inteligente e tinha for\u00e7a de vontade. Aos 9 anos, &hellip; Continued","og_url":"https:\/\/hallow.com\/pt-br\/saints\/chiara-luce-badano-dia-da-festa-oracoes-citacoes-e-muito-mais\/","og_site_name":"Hallow","article_publisher":"https:\/\/facebook.com\/hallowapp","article_modified_time":"2025-09-01T01:01:25+00:00","og_image":[{"width":750,"height":500,"url":"https:\/\/hallow.com\/wp-content\/uploads\/2024\/10\/blessed-chiara-luce-badano.jpg","type":"image\/jpeg"}],"twitter_card":"summary_large_image","twitter_site":"@hallowapp","schema":{"@context":"https:\/\/schema.org","@graph":[{"@type":"Article","@id":"https:\/\/hallow.com\/pt-br\/saints\/chiara-luce-badano-dia-da-festa-oracoes-citacoes-e-muito-mais\/#article","isPartOf":{"@id":"https:\/\/hallow.com\/pt-br\/saints\/chiara-luce-badano-dia-da-festa-oracoes-citacoes-e-muito-mais\/"},"author":{"name":"Stephen Spiewak","@id":"https:\/\/hallow.com\/pt-br\/#\/schema\/person\/bff513b387a9f89e4d7463f0cd46c242"},"headline":"Beata Chiara Luce Badano: ora\u00e7\u00f5es, frases e muito mais","datePublished":"2024-10-29T01:00:55+00:00","dateModified":"2025-09-01T01:01:25+00:00","mainEntityOfPage":{"@id":"https:\/\/hallow.com\/pt-br\/saints\/chiara-luce-badano-dia-da-festa-oracoes-citacoes-e-muito-mais\/"},"wordCount":653,"publisher":{"@id":"https:\/\/hallow.com\/pt-br\/#organization"},"image":{"@id":"https:\/\/hallow.com\/pt-br\/saints\/chiara-luce-badano-dia-da-festa-oracoes-citacoes-e-muito-mais\/#primaryimage"},"thumbnailUrl":"https:\/\/hallow.com\/wp-content\/uploads\/2024\/10\/blessed-chiara-luce-badano.jpg","inLanguage":"pt-BR"},{"@type":"WebPage","@id":"https:\/\/hallow.com\/pt-br\/saints\/chiara-luce-badano-dia-da-festa-oracoes-citacoes-e-muito-mais\/","url":"https:\/\/hallow.com\/pt-br\/saints\/chiara-luce-badano-dia-da-festa-oracoes-citacoes-e-muito-mais\/","name":"Beata Chiara Luce Badano: ora\u00e7\u00f5es, frases e muito mais &#8211; Hallow","isPartOf":{"@id":"https:\/\/hallow.com\/pt-br\/#website"},"primaryImageOfPage":{"@id":"https:\/\/hallow.com\/pt-br\/saints\/chiara-luce-badano-dia-da-festa-oracoes-citacoes-e-muito-mais\/#primaryimage"},"image":{"@id":"https:\/\/hallow.com\/pt-br\/saints\/chiara-luce-badano-dia-da-festa-oracoes-citacoes-e-muito-mais\/#primaryimage"},"thumbnailUrl":"https:\/\/hallow.com\/wp-content\/uploads\/2024\/10\/blessed-chiara-luce-badano.jpg","datePublished":"2024-10-29T01:00:55+00:00","dateModified":"2025-09-01T01:01:25+00:00","breadcrumb":{"@id":"https:\/\/hallow.com\/pt-br\/saints\/chiara-luce-badano-dia-da-festa-oracoes-citacoes-e-muito-mais\/#breadcrumb"},"inLanguage":"pt-BR","potentialAction":[{"@type":"ReadAction","target":["https:\/\/hallow.com\/pt-br\/saints\/chiara-luce-badano-dia-da-festa-oracoes-citacoes-e-muito-mais\/"]}]},{"@type":"ImageObject","inLanguage":"pt-BR","@id":"https:\/\/hallow.com\/pt-br\/saints\/chiara-luce-badano-dia-da-festa-oracoes-citacoes-e-muito-mais\/#primaryimage","url":"https:\/\/hallow.com\/wp-content\/uploads\/2024\/10\/blessed-chiara-luce-badano.jpg","contentUrl":"https:\/\/hallow.com\/wp-content\/uploads\/2024\/10\/blessed-chiara-luce-badano.jpg","width":750,"height":500,"caption":"Imae via the Diocese of Westminster Youth Ministry"},{"@type":"BreadcrumbList","@id":"https:\/\/hallow.com\/pt-br\/saints\/chiara-luce-badano-dia-da-festa-oracoes-citacoes-e-muito-mais\/#breadcrumb","itemListElement":[{"@type":"ListItem","position":1,"name":"Home","item":"https:\/\/hallow.com\/pt-br\/"},{"@type":"ListItem","position":2,"name":"Beata Chiara Luce Badano: ora\u00e7\u00f5es, frases e muito mais"}]},{"@type":"WebSite","@id":"https:\/\/hallow.com\/pt-br\/#website","url":"https:\/\/hallow.com\/pt-br\/","name":"Hallow","description":"Catholic Prayer and Meditation App","publisher":{"@id":"https:\/\/hallow.com\/pt-br\/#organization"},"potentialAction":[{"@type":"SearchAction","target":{"@type":"EntryPoint","urlTemplate":"https:\/\/hallow.com\/pt-br\/?s={search_term_string}"},"query-input":{"@type":"PropertyValueSpecification","valueRequired":true,"valueName":"search_term_string"}}],"inLanguage":"pt-BR"},{"@type":"Organization","@id":"https:\/\/hallow.com\/pt-br\/#organization","name":"Hallow","url":"https:\/\/hallow.com\/pt-br\/","logo":{"@type":"ImageObject","inLanguage":"pt-BR","@id":"https:\/\/hallow.com\/pt-br\/#\/schema\/logo\/image\/","url":"https:\/\/hallow.com\/wp-content\/uploads\/2019\/04\/Purple-Logo.png","contentUrl":"https:\/\/hallow.com\/wp-content\/uploads\/2019\/04\/Purple-Logo.png","width":1470,"height":292,"caption":"Hallow"},"image":{"@id":"https:\/\/hallow.com\/pt-br\/#\/schema\/logo\/image\/"},"sameAs":["https:\/\/facebook.com\/hallowapp","https:\/\/x.com\/hallowapp","https:\/\/instagram.com\/hallowapp"]},{"@type":"Person","@id":"https:\/\/hallow.com\/pt-br\/#\/schema\/person\/bff513b387a9f89e4d7463f0cd46c242","name":"Stephen Spiewak"}]}},"_links":{"self":[{"href":"https:\/\/hallow.com\/pt-br\/wp-json\/wp\/v2\/saints\/69763"}],"collection":[{"href":"https:\/\/hallow.com\/pt-br\/wp-json\/wp\/v2\/saints"}],"about":[{"href":"https:\/\/hallow.com\/pt-br\/wp-json\/wp\/v2\/types\/saints"}],"author":[{"embeddable":true,"href":"https:\/\/hallow.com\/pt-br\/wp-json\/wp\/v2\/users\/32"}],"wp:featuredmedia":[{"embeddable":true,"href":"https:\/\/hallow.com\/pt-br\/wp-json\/wp\/v2\/media\/69675"}],"wp:attachment":[{"href":"https:\/\/hallow.com\/pt-br\/wp-json\/wp\/v2\/media?parent=69763"}],"wp:term":[{"taxonomy":"category","embeddable":true,"href":"https:\/\/hallow.com\/pt-br\/wp-json\/wp\/v2\/categories?post=69763"},{"taxonomy":"post_tag","embeddable":true,"href":"https:\/\/hallow.com\/pt-br\/wp-json\/wp\/v2\/tags?post=69763"}],"curies":[{"name":"wp","href":"https:\/\/api.w.org\/{rel}","templated":true}]}}